{"id":20353,"date":"2024-02-01T15:13:25","date_gmt":"2024-02-01T14:13:25","guid":{"rendered":"https:\/\/cc-sud.eu\/politica-de-privacidad\/"},"modified":"2024-06-27T09:51:42","modified_gmt":"2024-06-27T07:51:42","slug":"politica-de-privacidad","status":"publish","type":"page","link":"https:\/\/cc-sud.eu\/es\/politica-de-privacidad\/","title":{"rendered":"Pol\u00edtica de privacidad"},"content":{"rendered":"\t\t<div data-elementor-type=\"wp-page\" data-elementor-id=\"20353\" class=\"elementor elementor-20353 elementor-3\" data-elementor-post-type=\"page\">\n\t\t\t\t<div class=\"elementor-element elementor-element-4a4dc147 e-flex e-con-boxed e-con e-parent\" data-id=\"4a4dc147\" data-element_type=\"container\" data-e-type=\"container\">\n\t\t\t\t\t<div class=\"e-con-inner\">\n\t\t\t\t<div class=\"elementor-element elementor-element-3e6da9f9 elementor-widget elementor-widget-heading\" data-id=\"3e6da9f9\" data-element_type=\"widget\" data-e-type=\"widget\" data-widget_type=\"heading.default\">\n\t\t\t\t<div class=\"elementor-widget-container\">\n\t\t\t\t\t<h2 class=\"elementor-heading-title elementor-size-default\">PROTECCI\u00d3N DE DATOS PERSONALES <\/h2>\t\t\t\t<\/div>\n\t\t\t\t<\/div>\n\t\t\t\t<div class=\"elementor-element elementor-element-3cdca442 elementor-widget elementor-widget-text-editor\" data-id=\"3cdca442\" data-element_type=\"widget\" data-e-type=\"widget\" data-widget_type=\"text-editor.default\">\n\t\t\t\t<div class=\"elementor-widget-container\">\n\t\t\t\t\t\t\t\t\t<p>Dado que consideramos esencial la protecci\u00f3n de sus datos personales, nos gustar\u00eda informarle a trav\u00e9s de esta pol\u00edtica de confidencialidad de la forma en que recogemos y procesamos dichos datos.<\/p>\n<p>Esta pol\u00edtica de confidencialidad define y le informa de la forma en que utilizamos y protegemos la informaci\u00f3n que usted pueda transmitirnos al utilizar este sitio accesible desde la siguiente URL: <strong><a href=\"https:\/\/cc-sud.eu\">https:\/\/cc-sud.eu<\/a><\/strong> (en adelante, el \u00abSitio\u00bb).<\/p>\n<p>Tenga en cuenta que la presente pol\u00edtica de privacidad podr\u00e1 modificarse o completarse en cualquier momento, en particular para ajustarse a cualquier cambio legislativo, reglamentario, jurisprudencial o tecnol\u00f3gico.<\/p>\n<p>En tal caso, la fecha de la actualizaci\u00f3n se indicar\u00e1 claramente al pie de esta pol\u00edtica. Estas modificaciones ser\u00e1n vinculantes para el usuario desde el momento de su puesta en l\u00ednea. Por lo tanto, es aconsejable que el usuario consulte esta pol\u00edtica de confidencialidad y uso de cookies con regularidad para estar al tanto de cualquier cambio. <\/p>\t\t\t\t\t\t\t\t<\/div>\n\t\t\t\t<\/div>\n\t\t\t\t\t<\/div>\n\t\t\t\t<\/div>\n\t\t<div class=\"elementor-element elementor-element-27b3a7fe e-flex e-con-boxed e-con e-parent\" data-id=\"27b3a7fe\" data-element_type=\"container\" data-e-type=\"container\" data-settings=\"{&quot;background_background&quot;:&quot;classic&quot;}\">\n\t\t\t\t\t<div class=\"e-con-inner\">\n\t\t<div class=\"elementor-element elementor-element-2b091b9e e-con-full e-flex e-con e-child\" data-id=\"2b091b9e\" data-element_type=\"container\" data-e-type=\"container\">\n\t\t\t\t<div class=\"elementor-element elementor-element-1e525d19 elementor-widget elementor-widget-heading\" data-id=\"1e525d19\" data-element_type=\"widget\" data-e-type=\"widget\" data-widget_type=\"heading.default\">\n\t\t\t\t<div class=\"elementor-widget-container\">\n\t\t\t\t\t<h3 class=\"elementor-heading-title elementor-size-default\">I. Informaci\u00f3n personal recopilada<\/h3>\t\t\t\t<\/div>\n\t\t\t\t<\/div>\n\t\t\t\t<div class=\"elementor-element elementor-element-714065a6 elementor-widget elementor-widget-text-editor\" data-id=\"714065a6\" data-element_type=\"widget\" data-e-type=\"widget\" data-widget_type=\"text-editor.default\">\n\t\t\t\t<div class=\"elementor-widget-container\">\n\t\t\t\t\t\t\t\t\t<p>En general, usted puede visitar el Sitio sin proporcionar ninguna informaci\u00f3n personal sobre s\u00ed mismo. En cualquier caso, no tiene obligaci\u00f3n de facilitarnos dicha informaci\u00f3n. Sin embargo, si se niega, es posible que no pueda beneficiarse de determinada informaci\u00f3n o servicios que haya solicitado.<br>En algunos casos, podemos pedirle que nos facilite la siguiente informaci\u00f3n (en lo sucesivo, su \u00abInformaci\u00f3n Personal\u00bb)<\/p>\n<ul>\n<li>nombre y apellidos del contacto ;<\/li>\n<li>direcci\u00f3n de correo electr\u00f3nico (e-mail)<\/li>\n<li>n\u00famero de tel\u00e9fono;<\/li>\n<\/ul>\n<p>Al proporcionar esta informaci\u00f3n, usted acepta expresamente que sea procesada para los fines indicados en el punto 2 y para los fines indicados al final de cada formulario.<\/p>\n<p>De conformidad con el Reglamento General de Protecci\u00f3n de Datos adoptado por el Parlamento Europeo el 14 de abril de 2016, y la Ley francesa de Protecci\u00f3n de Datos modificada del 6 de enero de 1978, le informamos de lo siguiente:<\/p>\t\t\t\t\t\t\t\t<\/div>\n\t\t\t\t<\/div>\n\t\t\t\t<\/div>\n\t\t\t\t\t<\/div>\n\t\t\t\t<\/div>\n\t\t<div class=\"elementor-element elementor-element-3e9e52f3 e-flex e-con-boxed e-con e-parent\" data-id=\"3e9e52f3\" data-element_type=\"container\" data-e-type=\"container\">\n\t\t\t\t\t<div class=\"e-con-inner\">\n\t\t\t\t<div class=\"elementor-element elementor-element-1e7d58a8 elementor-widget elementor-widget-heading\" data-id=\"1e7d58a8\" data-element_type=\"widget\" data-e-type=\"widget\" data-widget_type=\"heading.default\">\n\t\t\t\t<div class=\"elementor-widget-container\">\n\t\t\t\t\t<h4 class=\"elementor-heading-title elementor-size-default\">1. Identidad del responsable del tratamiento<\/h4>\t\t\t\t<\/div>\n\t\t\t\t<\/div>\n\t\t\t\t<div class=\"elementor-element elementor-element-12143b22 elementor-widget elementor-widget-text-editor\" data-id=\"12143b22\" data-element_type=\"widget\" data-e-type=\"widget\" data-widget_type=\"text-editor.default\">\n\t\t\t\t<div class=\"elementor-widget-container\">\n\t\t\t\t\t\t\t\t\t<p>El responsable del tratamiento de los datos es la Sra. <strong>Aur\u00e9lie DRILLET. <\/strong> <\/p>\n\t\t\t\t\t\t\t\t<\/div>\n\t\t\t\t<\/div>\n\t\t\t\t<div class=\"elementor-element elementor-element-f8361ab elementor-widget elementor-widget-heading\" data-id=\"f8361ab\" data-element_type=\"widget\" data-e-type=\"widget\" data-widget_type=\"heading.default\">\n\t\t\t\t<div class=\"elementor-widget-container\">\n\t\t\t\t\t<h4 class=\"elementor-heading-title elementor-size-default\">2. Finalidad del tratamiento<\/h4>\t\t\t\t<\/div>\n\t\t\t\t<\/div>\n\t\t\t\t<div class=\"elementor-element elementor-element-f0902c4 elementor-widget elementor-widget-text-editor\" data-id=\"f0902c4\" data-element_type=\"widget\" data-e-type=\"widget\" data-widget_type=\"text-editor.default\">\n\t\t\t\t<div class=\"elementor-widget-container\">\n\t\t\t\t\t\t\t\t\t<p>Es probable que tratemos sus Datos Personales<\/p>\n<ul>\n<li>con el fin de proporcionarle la informaci\u00f3n o los servicios que ha solicitado recibir (solicitud de informaci\u00f3n sobre un producto o servicio en nuestro Sitio o env\u00edo de nuestros boletines informativos previa inscripci\u00f3n por su parte); y\/o<\/li>\n<li>para recopilar informaci\u00f3n que nos permita mejorar nuestro Sitio, nuestros productos y nuestros servicios (en particular, mediante cookies); y\/o<\/li>\n<li>para poder ponernos en contacto con usted sobre cualquier acontecimiento relacionado con nuestra actividad, incluida en particular la actualizaci\u00f3n de los servicios y la atenci\u00f3n al cliente.<\/li>\n<\/ul>\t\t\t\t\t\t\t\t<\/div>\n\t\t\t\t<\/div>\n\t\t\t\t<div class=\"elementor-element elementor-element-11fbc0a elementor-widget elementor-widget-heading\" data-id=\"11fbc0a\" data-element_type=\"widget\" data-e-type=\"widget\" data-widget_type=\"heading.default\">\n\t\t\t\t<div class=\"elementor-widget-container\">\n\t\t\t\t\t<h4 class=\"elementor-heading-title elementor-size-default\">3. Destinatarios<\/h4>\t\t\t\t<\/div>\n\t\t\t\t<\/div>\n\t\t\t\t<div class=\"elementor-element elementor-element-7df2f35 elementor-widget elementor-widget-text-editor\" data-id=\"7df2f35\" data-element_type=\"widget\" data-e-type=\"widget\" data-widget_type=\"text-editor.default\">\n\t\t\t\t<div class=\"elementor-widget-container\">\n\t\t\t\t\t\t\t\t\t<p>Somos los \u00fanicos destinatarios de su Informaci\u00f3n Personal. Esta informaci\u00f3n, ya sea de forma individual o agregada, nunca se transmite a terceros, sin perjuicio de los subcontratistas que utilicemos. En ning\u00fan caso nuestra empresa comercializa los datos personales de los visitantes y Usuarios de su Sitio.<\/p>\n\t\t\t\t\t\t\t\t<\/div>\n\t\t\t\t<\/div>\n\t\t\t\t<div class=\"elementor-element elementor-element-6ba93c1 elementor-widget elementor-widget-heading\" data-id=\"6ba93c1\" data-element_type=\"widget\" data-e-type=\"widget\" data-widget_type=\"heading.default\">\n\t\t\t\t<div class=\"elementor-widget-container\">\n\t\t\t\t\t<h4 class=\"elementor-heading-title elementor-size-default\">4. Per\u00edodo de conservaci\u00f3n<\/h4>\t\t\t\t<\/div>\n\t\t\t\t<\/div>\n\t\t\t\t<div class=\"elementor-element elementor-element-473b4aa elementor-widget elementor-widget-text-editor\" data-id=\"473b4aa\" data-element_type=\"widget\" data-e-type=\"widget\" data-widget_type=\"text-editor.default\">\n\t\t\t\t<div class=\"elementor-widget-container\">\n\t\t\t\t\t\t\t\t\t<p>Su Informaci\u00f3n Personal es conservada por nuestra empresa \u00fanicamente durante el tiempo correspondiente a la finalidad de la recogida indicada en el punto 2 anterior, que en ning\u00fan caso podr\u00e1 exceder de 24 meses.<\/p>\n\t\t\t\t\t\t\t\t<\/div>\n\t\t\t\t<\/div>\n\t\t\t\t<div class=\"elementor-element elementor-element-4869da0 elementor-widget elementor-widget-heading\" data-id=\"4869da0\" data-element_type=\"widget\" data-e-type=\"widget\" data-widget_type=\"heading.default\">\n\t\t\t\t<div class=\"elementor-widget-container\">\n\t\t\t\t\t<h4 class=\"elementor-heading-title elementor-size-default\">5. Derechos de protecci\u00f3n de datos<\/h4>\t\t\t\t<\/div>\n\t\t\t\t<\/div>\n\t\t\t\t<div class=\"elementor-element elementor-element-38f06fe elementor-widget elementor-widget-text-editor\" data-id=\"38f06fe\" data-element_type=\"widget\" data-e-type=\"widget\" data-widget_type=\"text-editor.default\">\n\t\t\t\t<div class=\"elementor-widget-container\">\n\t\t\t\t\t\t\t\t\t<p>Usted dispone de los siguientes derechos relativos a sus Datos Personales, que podr\u00e1 ejercer escribi\u00e9ndonos a nuestra direcci\u00f3n de correo electr\u00f3nico o a nuestra direcci\u00f3n postal (v\u00e9ase la p\u00e1gina de Informaci\u00f3n Legal de nuestro Sitio) o utilizando el formulario de contacto de nuestro Sitio.<\/p>\n\t\t\t\t\t\t\t\t<\/div>\n\t\t\t\t<\/div>\n\t\t\t\t\t<\/div>\n\t\t\t\t<\/div>\n\t\t<div class=\"elementor-element elementor-element-0b53f30 e-flex e-con-boxed e-con e-parent\" data-id=\"0b53f30\" data-element_type=\"container\" data-e-type=\"container\" data-settings=\"{&quot;background_background&quot;:&quot;classic&quot;}\">\n\t\t\t\t\t<div class=\"e-con-inner\">\n\t\t<div class=\"elementor-element elementor-element-1664f9c e-con-full e-flex e-con e-child\" data-id=\"1664f9c\" data-element_type=\"container\" data-e-type=\"container\">\n\t\t\t\t<div class=\"elementor-element elementor-element-db22598 elementor-widget elementor-widget-heading\" data-id=\"db22598\" data-element_type=\"widget\" data-e-type=\"widget\" data-widget_type=\"heading.default\">\n\t\t\t\t<div class=\"elementor-widget-container\">\n\t\t\t\t\t<h3 class=\"elementor-heading-title elementor-size-default\">II. Derecho de acceso y comunicaci\u00f3n de datos<\/h3>\t\t\t\t<\/div>\n\t\t\t\t<\/div>\n\t\t\t\t<div class=\"elementor-element elementor-element-a886d2c elementor-widget elementor-widget-text-editor\" data-id=\"a886d2c\" data-element_type=\"widget\" data-e-type=\"widget\" data-widget_type=\"text-editor.default\">\n\t\t\t\t<div class=\"elementor-widget-container\">\n\t\t\t\t\t\t\t\t\t<p>Usted tiene derecho a acceder a sus Datos Personales. No obstante, habida cuenta de nuestra obligaci\u00f3n de seguridad y confidencialidad en el tratamiento de los datos personales, se le informa de que su solicitud se tramitar\u00e1 siempre que pueda acreditar su identidad, en particular mediante la presentaci\u00f3n de una copia escaneada de su documento de identidad v\u00e1lido (en caso de solicitud a trav\u00e9s de nuestro formulario electr\u00f3nico espec\u00edfico) o de una fotocopia firmada de su documento de identidad v\u00e1lido (en caso de solicitud enviada por escrito).<\/p>\n<p>Tendremos derecho, en su caso, a oponernos a las solicitudes manifiestamente abusivas (por su n\u00famero, car\u00e1cter repetitivo o sistem\u00e1tico). Para ayudarle en su planteamiento, en particular si desea ejercer su derecho de acceso enviando una solicitud por escrito a la direcci\u00f3n postal mencionada en el punto 1, encontrar\u00e1, haciendo clic en el siguiente enlace, un modelo de carta elaborado por la CNIL.<\/p>\t\t\t\t\t\t\t\t<\/div>\n\t\t\t\t<\/div>\n\t\t\t\t<\/div>\n\t\t\t\t\t<\/div>\n\t\t\t\t<\/div>\n\t\t<div class=\"elementor-element elementor-element-69bf1e9d en-avant e-flex e-con-boxed e-con e-parent\" data-id=\"69bf1e9d\" data-element_type=\"container\" data-e-type=\"container\">\n\t\t\t\t\t<div class=\"e-con-inner\">\n\t\t<div class=\"elementor-element elementor-element-5005922f e-flex e-con-boxed e-con e-child\" data-id=\"5005922f\" data-element_type=\"container\" data-e-type=\"container\" data-settings=\"{&quot;background_background&quot;:&quot;classic&quot;}\">\n\t\t\t\t\t<div class=\"e-con-inner\">\n\t\t\t\t<div class=\"elementor-element elementor-element-4268947 elementor-widget elementor-widget-text-editor\" data-id=\"4268947\" data-element_type=\"widget\" data-e-type=\"widget\" data-widget_type=\"text-editor.default\">\n\t\t\t\t<div class=\"elementor-widget-container\">\n\t\t\t\t\t\t\t\t\t<p><span style=\"text-decoration: underline;\"><strong><a href=\"https:\/\/www.cnil.fr\/fr\/modele\/courrier\/exercer-son-droit-dacces\">https:\/\/www.cnil.fr\/fr\/modele\/courrier\/exercer-son-droit-dacces<\/a><\/strong><\/span><\/p>\n\t\t\t\t\t\t\t\t<\/div>\n\t\t\t\t<\/div>\n\t\t\t\t\t<\/div>\n\t\t\t\t<\/div>\n\t\t\t\t\t<\/div>\n\t\t\t\t<\/div>\n\t\t<div class=\"elementor-element elementor-element-b6a64b1 e-flex e-con-boxed e-con e-parent\" data-id=\"b6a64b1\" data-element_type=\"container\" data-e-type=\"container\">\n\t\t\t\t\t<div class=\"e-con-inner\">\n\t\t\t\t<div class=\"elementor-element elementor-element-13f3760 elementor-widget elementor-widget-heading\" data-id=\"13f3760\" data-element_type=\"widget\" data-e-type=\"widget\" data-widget_type=\"heading.default\">\n\t\t\t\t<div class=\"elementor-widget-container\">\n\t\t\t\t\t<h3 class=\"elementor-heading-title elementor-size-default\">III. Derecho de rectificaci\u00f3n de datos<\/h3>\t\t\t\t<\/div>\n\t\t\t\t<\/div>\n\t\t\t\t<div class=\"elementor-element elementor-element-938fde6 elementor-widget elementor-widget-text-editor\" data-id=\"938fde6\" data-element_type=\"widget\" data-e-type=\"widget\" data-widget_type=\"text-editor.default\">\n\t\t\t\t<div class=\"elementor-widget-container\">\n\t\t\t\t\t\t\t\t\t<p>En virtud de este derecho, el usuario tiene derecho por ley a solicitar la rectificaci\u00f3n, actualizaci\u00f3n, bloqueo o supresi\u00f3n de los datos que le conciernan y que puedan ser inexactos, incorrectos, incompletos u obsoletos.<\/p>\n<p>Para ello, el usuario deber\u00e1 enviar<\/p>\n<ul>\n<li>un correo electr\u00f3nico (Cf. correo electr\u00f3nico en la p\u00e1gina \u00abAviso legal\u00bb de nuestro Sitio)<\/li>\n<li>o por correo postal (Cf. direcci\u00f3n en la p\u00e1gina \u00abAviso legal\u00bb de nuestro Sitio)<\/li>\n<li>o utilizando el formulario de contacto de nuestro Sitio.<\/li>\n<\/ul>\n<p>indicando su nombre o raz\u00f3n social, datos de contacto f\u00edsicos y\/o electr\u00f3nicos, as\u00ed como cualquier referencia que pueda tener como miembro del Sitio.<\/p>\n<p>El cambio se efectuar\u00e1 en un plazo razonable a partir de la recepci\u00f3n de la solicitud del usuario.<\/p>\n<p>Tambi\u00e9n podr\u00e1 definir directrices generales y espec\u00edficas relativas al destino de los datos personales tras su fallecimiento. En su caso, los herederos de una persona fallecida podr\u00e1n solicitar que se tenga en cuenta el fallecimiento de su familiar y\/o que se realicen las actualizaciones necesarias.<\/p>\n<p>Para ayudarle en este proceso, y en particular si desea ejercer su derecho de rectificaci\u00f3n en su propio nombre o en nombre de un familiar fallecido, le rogamos que env\u00ede una solicitud por escrito a la direcci\u00f3n postal que figura en el aviso legal del Sitio, haciendo clic en el siguiente enlace. Encontrar\u00e1 un modelo de carta elaborado por la CNIL.<\/p>\t\t\t\t\t\t\t\t<\/div>\n\t\t\t\t<\/div>\n\t\t\t\t\t<\/div>\n\t\t\t\t<\/div>\n\t\t<div class=\"elementor-element elementor-element-49095a9 en-avant e-flex e-con-boxed e-con e-parent\" data-id=\"49095a9\" data-element_type=\"container\" data-e-type=\"container\">\n\t\t\t\t\t<div class=\"e-con-inner\">\n\t\t<div class=\"elementor-element elementor-element-4dff5a1 e-flex e-con-boxed e-con e-child\" data-id=\"4dff5a1\" data-element_type=\"container\" data-e-type=\"container\" data-settings=\"{&quot;background_background&quot;:&quot;classic&quot;}\">\n\t\t\t\t\t<div class=\"e-con-inner\">\n\t\t\t\t<div class=\"elementor-element elementor-element-714472e elementor-widget elementor-widget-text-editor\" data-id=\"714472e\" data-element_type=\"widget\" data-e-type=\"widget\" data-widget_type=\"text-editor.default\">\n\t\t\t\t<div class=\"elementor-widget-container\">\n\t\t\t\t\t\t\t\t\t<p><a href=\"https:\/\/www.cnil.fr\/fr\/modele\/courrier\/rectifier-des-donnees-incompletes\"><span style=\"text-decoration: underline;\"><strong>https:\/\/www.cnil.fr\/fr\/modele\/courrier\/rectifier-des-donnees-incompletes<\/strong><\/span><\/a><\/p>\n<p><span style=\"text-decoration: underline;\"><strong><a href=\"https:\/\/www.cnil.fr\/fr\/modele\/courrier\/rectifier-des-donnees-inexactes\">https:\/\/www.cnil.fr\/fr\/modele\/courrier\/rectifier-des-donnees-inexactes<\/a><\/strong><\/span><\/p>\t\t\t\t\t\t\t\t<\/div>\n\t\t\t\t<\/div>\n\t\t\t\t\t<\/div>\n\t\t\t\t<\/div>\n\t\t\t\t\t<\/div>\n\t\t\t\t<\/div>\n\t\t<div class=\"elementor-element elementor-element-10a7f50 e-flex e-con-boxed e-con e-parent\" data-id=\"10a7f50\" data-element_type=\"container\" data-e-type=\"container\" data-settings=\"{&quot;background_background&quot;:&quot;classic&quot;}\">\n\t\t\t\t\t<div class=\"e-con-inner\">\n\t\t<div class=\"elementor-element elementor-element-f92d7a0 e-con-full e-flex e-con e-child\" data-id=\"f92d7a0\" data-element_type=\"container\" data-e-type=\"container\">\n\t\t\t\t<div class=\"elementor-element elementor-element-af6d528 elementor-widget elementor-widget-heading\" data-id=\"af6d528\" data-element_type=\"widget\" data-e-type=\"widget\" data-widget_type=\"heading.default\">\n\t\t\t\t<div class=\"elementor-widget-container\">\n\t\t\t\t\t<h3 class=\"elementor-heading-title elementor-size-default\">IV. Derecho de oposici\u00f3n<\/h3>\t\t\t\t<\/div>\n\t\t\t\t<\/div>\n\t\t\t\t<div class=\"elementor-element elementor-element-5229160 elementor-widget elementor-widget-text-editor\" data-id=\"5229160\" data-element_type=\"widget\" data-e-type=\"widget\" data-widget_type=\"text-editor.default\">\n\t\t\t\t<div class=\"elementor-widget-container\">\n\t\t\t\t\t\t\t\t\t<p>Este derecho s\u00f3lo podr\u00e1 ejercerse en una de las dos situaciones siguientes:<\/p>\n<ul>\n<li>Cuando el ejercicio de este derecho se base en motivos leg\u00edtimos ;<\/li>\n<li>Cuando el ejercicio de este derecho tenga por objeto impedir que los datos recogidos se utilicen con fines de prospecci\u00f3n comercial. Para ayudarle en su planteamiento, en particular si desea ejercer su derecho de oposici\u00f3n mediante una solicitud escrita enviada a la direcci\u00f3n postal que figura en el aviso legal del Sitio, encontrar\u00e1 un modelo de carta elaborado por la CNIL haciendo clic en el siguiente enlace.<\/li>\n<\/ul>\t\t\t\t\t\t\t\t<\/div>\n\t\t\t\t<\/div>\n\t\t\t\t<\/div>\n\t\t\t\t\t<\/div>\n\t\t\t\t<\/div>\n\t\t<div class=\"elementor-element elementor-element-132157c en-avant e-flex e-con-boxed e-con e-parent\" data-id=\"132157c\" data-element_type=\"container\" data-e-type=\"container\">\n\t\t\t\t\t<div class=\"e-con-inner\">\n\t\t<div class=\"elementor-element elementor-element-c38bf1e e-flex e-con-boxed e-con e-child\" data-id=\"c38bf1e\" data-element_type=\"container\" data-e-type=\"container\" data-settings=\"{&quot;background_background&quot;:&quot;classic&quot;}\">\n\t\t\t\t\t<div class=\"e-con-inner\">\n\t\t\t\t<div class=\"elementor-element elementor-element-671daf6 elementor-widget elementor-widget-text-editor\" data-id=\"671daf6\" data-element_type=\"widget\" data-e-type=\"widget\" data-widget_type=\"text-editor.default\">\n\t\t\t\t<div class=\"elementor-widget-container\">\n\t\t\t\t\t\t\t\t\t<p><span style=\"text-decoration: underline;\"><strong><a href=\"https:\/\/www.cnil.fr\/fr\/modele\/courrier\/supprimer-des-informations-vous-concernant-dun-site-internet\">https:\/\/www.cnil.fr\/fr\/modele\/courrier\/supprimer-des-informations-vous-concernant-dun-site-internet<\/a><\/strong><\/span><\/p>\n\t\t\t\t\t\t\t\t<\/div>\n\t\t\t\t<\/div>\n\t\t\t\t\t<\/div>\n\t\t\t\t<\/div>\n\t\t\t\t\t<\/div>\n\t\t\t\t<\/div>\n\t\t<div class=\"elementor-element elementor-element-0f7f23c e-flex e-con-boxed e-con e-parent\" data-id=\"0f7f23c\" data-element_type=\"container\" data-e-type=\"container\">\n\t\t\t\t\t<div class=\"e-con-inner\">\n\t\t\t\t<div class=\"elementor-element elementor-element-704635c elementor-widget elementor-widget-heading\" data-id=\"704635c\" data-element_type=\"widget\" data-e-type=\"widget\" data-widget_type=\"heading.default\">\n\t\t\t\t<div class=\"elementor-widget-container\">\n\t\t\t\t\t<h3 class=\"elementor-heading-title elementor-size-default\">V. Plazos de respuesta<\/h3>\t\t\t\t<\/div>\n\t\t\t\t<\/div>\n\t\t\t\t<div class=\"elementor-element elementor-element-85a051f elementor-widget elementor-widget-text-editor\" data-id=\"85a051f\" data-element_type=\"widget\" data-e-type=\"widget\" data-widget_type=\"text-editor.default\">\n\t\t\t\t<div class=\"elementor-widget-container\">\n\t\t\t\t\t\t\t\t\t<p>Nos comprometemos a responder a su solicitud de acceso, rectificaci\u00f3n u oposici\u00f3n o a cualquier otra solicitud adicional de informaci\u00f3n en un plazo razonable.<\/p>\n\t\t\t\t\t\t\t\t<\/div>\n\t\t\t\t<\/div>\n\t\t\t\t\t<\/div>\n\t\t\t\t<\/div>\n\t\t<div class=\"elementor-element elementor-element-f2149d6 e-flex e-con-boxed e-con e-parent\" data-id=\"f2149d6\" data-element_type=\"container\" data-e-type=\"container\" data-settings=\"{&quot;background_background&quot;:&quot;classic&quot;}\">\n\t\t\t\t\t<div class=\"e-con-inner\">\n\t\t<div class=\"elementor-element elementor-element-4fcd4f6 e-con-full e-flex e-con e-child\" data-id=\"4fcd4f6\" data-element_type=\"container\" data-e-type=\"container\">\n\t\t\t\t<div class=\"elementor-element elementor-element-67c77fb elementor-widget elementor-widget-heading\" data-id=\"67c77fb\" data-element_type=\"widget\" data-e-type=\"widget\" data-widget_type=\"heading.default\">\n\t\t\t\t<div class=\"elementor-widget-container\">\n\t\t\t\t\t<h3 class=\"elementor-heading-title elementor-size-default\">VI. Proveedores de servicios autorizados y transferencia a un pa\u00eds no perteneciente a la Uni\u00f3n Europea<\/h3>\t\t\t\t<\/div>\n\t\t\t\t<\/div>\n\t\t\t\t<div class=\"elementor-element elementor-element-6038a09 elementor-widget elementor-widget-text-editor\" data-id=\"6038a09\" data-element_type=\"widget\" data-e-type=\"widget\" data-widget_type=\"text-editor.default\">\n\t\t\t\t<div class=\"elementor-widget-container\">\n\t\t\t\t\t\t\t\t\t<p>Le informamos de que recurrimos a proveedores de servicios autorizados para facilitar la recogida y el tratamiento de los datos que nos ha comunicado.<\/p>\n<p>Estos proveedores de servicios pueden estar situados fuera de la Uni\u00f3n Europea y son responsables de la comunicaci\u00f3n de los datos recogidos a trav\u00e9s de los distintos formularios del Sitio (a excepci\u00f3n del formulario que le permite ejercer sus derechos de protecci\u00f3n de datos, que s\u00f3lo facilitamos y utilizamos nosotros).<\/p>\t\t\t\t\t\t\t\t<\/div>\n\t\t\t\t<\/div>\n\t\t\t\t<\/div>\n\t\t\t\t\t<\/div>\n\t\t\t\t<\/div>\n\t\t<div class=\"elementor-element elementor-element-7f5e68c e-flex e-con-boxed e-con e-parent\" data-id=\"7f5e68c\" data-element_type=\"container\" data-e-type=\"container\">\n\t\t\t\t\t<div class=\"e-con-inner\">\n\t\t\t\t<div class=\"elementor-element elementor-element-35c222f elementor-widget elementor-widget-heading\" data-id=\"35c222f\" data-element_type=\"widget\" data-e-type=\"widget\" data-widget_type=\"heading.default\">\n\t\t\t\t<div class=\"elementor-widget-container\">\n\t\t\t\t\t<h3 class=\"elementor-heading-title elementor-size-default\">VII. Reclamaciones ante la autoridad competente<\/h3>\t\t\t\t<\/div>\n\t\t\t\t<\/div>\n\t\t\t\t<div class=\"elementor-element elementor-element-ec30714 elementor-widget elementor-widget-text-editor\" data-id=\"ec30714\" data-element_type=\"widget\" data-e-type=\"widget\" data-widget_type=\"text-editor.default\">\n\t\t\t\t<div class=\"elementor-widget-container\">\n\t\t\t\t\t\t\t\t\t<p>Si considera que nuestro sitio no cumple con sus obligaciones en relaci\u00f3n con su Informaci\u00f3n Personal, puede presentar una queja o una solicitud a la autoridad competente. En Francia, la autoridad competente es la CNIL, a la que puede enviar una solicitud por v\u00eda electr\u00f3nica haciendo clic en el siguiente enlace: <strong><a href=\"https:\/\/www.cnil.fr\/fr\/plaintes\/internet\">https:\/\/www.cnil.fr\/fr\/plaintes\/internet<\/a><\/strong><\/p>\n<p>A menos que se requiera un consentimiento expreso en virtud de las leyes de protecci\u00f3n de datos de su pa\u00eds, al utilizar estos Materiales (tal como se definen anteriormente), usted acepta que recopilemos y utilicemos sus datos personales tal como se describe en esta Pol\u00edtica y que transfiramos sus datos personales a pa\u00edses distintos del suyo (incluidos pa\u00edses fuera de la Uni\u00f3n Europea).<\/p>\t\t\t\t\t\t\t\t<\/div>\n\t\t\t\t<\/div>\n\t\t\t\t\t<\/div>\n\t\t\t\t<\/div>\n\t\t<div class=\"elementor-element elementor-element-77bff08 e-flex e-con-boxed e-con e-parent\" data-id=\"77bff08\" data-element_type=\"container\" data-e-type=\"container\" data-settings=\"{&quot;background_background&quot;:&quot;classic&quot;}\">\n\t\t\t\t\t<div class=\"e-con-inner\">\n\t\t<div class=\"elementor-element elementor-element-ee87cdb e-con-full e-flex e-con e-child\" data-id=\"ee87cdb\" data-element_type=\"container\" data-e-type=\"container\">\n\t\t\t\t<div class=\"elementor-element elementor-element-03cfef3 elementor-widget elementor-widget-heading\" data-id=\"03cfef3\" data-element_type=\"widget\" data-e-type=\"widget\" data-widget_type=\"heading.default\">\n\t\t\t\t<div class=\"elementor-widget-container\">\n\t\t\t\t\t<h2 class=\"elementor-heading-title elementor-size-default\">Informaci\u00f3n sobre cookies<\/h2>\t\t\t\t<\/div>\n\t\t\t\t<\/div>\n\t\t\t\t<div class=\"elementor-element elementor-element-183b71e elementor-widget elementor-widget-text-editor\" data-id=\"183b71e\" data-element_type=\"widget\" data-e-type=\"widget\" data-widget_type=\"text-editor.default\">\n\t\t\t\t<div class=\"elementor-widget-container\">\n\t\t\t\t\t\t\t\t\t<p>Cuando se conecte por primera vez a nuestro sitio web, se le advertir\u00e1 mediante un banner en su pantalla de que la informaci\u00f3n relativa a su navegaci\u00f3n puede quedar registrada en archivos denominados \u00abcookies\u00bb.<\/p>\n<p>Nuestra pol\u00edtica sobre el uso de cookies le permite comprender mejor las medidas que aplicamos para la navegaci\u00f3n por nuestro sitio web. En particular, le informa sobre todas las cookies presentes en nuestro sitio web, su finalidad (parte I.) y le da instrucciones sobre c\u00f3mo configurarlas (parte II.).<\/p>\t\t\t\t\t\t\t\t<\/div>\n\t\t\t\t<\/div>\n\t\t\t\t<\/div>\n\t\t\t\t\t<\/div>\n\t\t\t\t<\/div>\n\t\t<div class=\"elementor-element elementor-element-dc9beb7 e-flex e-con-boxed e-con e-parent\" data-id=\"dc9beb7\" data-element_type=\"container\" data-e-type=\"container\">\n\t\t\t\t\t<div class=\"e-con-inner\">\n\t\t\t\t<div class=\"elementor-element elementor-element-af7429b elementor-widget elementor-widget-heading\" data-id=\"af7429b\" data-element_type=\"widget\" data-e-type=\"widget\" data-widget_type=\"heading.default\">\n\t\t\t\t<div class=\"elementor-widget-container\">\n\t\t\t\t\t<h3 class=\"elementor-heading-title elementor-size-default\">Informaci\u00f3n general sobre las cookies<\/h3>\t\t\t\t<\/div>\n\t\t\t\t<\/div>\n\t\t\t\t<div class=\"elementor-element elementor-element-5188d44 elementor-widget elementor-widget-text-editor\" data-id=\"5188d44\" data-element_type=\"widget\" data-e-type=\"widget\" data-widget_type=\"text-editor.default\">\n\t\t\t\t<div class=\"elementor-widget-container\">\n\t\t\t\t\t\t\t\t\t<p>Como editor de este sitio web, podemos instalar una \u00abcookie\u00bb en su terminal (ordenador, tableta, m\u00f3vil, etc.) con el fin de garantizarle una navegaci\u00f3n fluida y \u00f3ptima en nuestro sitio web. Las \u00abcookies\u00bb son peque\u00f1os archivos de texto de tama\u00f1o limitado que nos permiten reconocer su ordenador, tableta o m\u00f3vil para personalizar los servicios que le ofrecemos.<\/p>\n<p>La informaci\u00f3n recogida a trav\u00e9s de las cookies no nos permite en ning\u00fan caso identificarle por su nombre. Se utiliza exclusivamente para nuestros propios fines, para mejorar la interactividad y el rendimiento de nuestro sitio web y para enviarle contenidos adaptados a sus intereses. Ninguna de esta informaci\u00f3n ser\u00e1 comunicada a terceros a menos que hayamos obtenido su consentimiento previo, o cuando la divulgaci\u00f3n de dicha informaci\u00f3n sea requerida por ley, orden judicial o cualquier autoridad administrativa o judicial autorizada.<\/p>\n<p>Para que tenga una idea m\u00e1s clara de la informaci\u00f3n que identifican las cookies, a continuaci\u00f3n encontrar\u00e1 una lista de los diferentes tipos de cookies que pueden utilizarse en nuestro sitio web, su nombre, su finalidad y su per\u00edodo de conservaci\u00f3n.<\/p>\t\t\t\t\t\t\t\t<\/div>\n\t\t\t\t<\/div>\n\t\t\t\t\t<\/div>\n\t\t\t\t<\/div>\n\t\t<div class=\"elementor-element elementor-element-c417998 e-flex e-con-boxed e-con e-parent\" data-id=\"c417998\" data-element_type=\"container\" data-e-type=\"container\" data-settings=\"{&quot;background_background&quot;:&quot;classic&quot;}\">\n\t\t\t\t\t<div class=\"e-con-inner\">\n\t\t<div class=\"elementor-element elementor-element-c059dc7 e-con-full e-flex e-con e-child\" data-id=\"c059dc7\" data-element_type=\"container\" data-e-type=\"container\">\n\t\t\t\t<div class=\"elementor-element elementor-element-d51cbba elementor-widget elementor-widget-heading\" data-id=\"d51cbba\" data-element_type=\"widget\" data-e-type=\"widget\" data-widget_type=\"heading.default\">\n\t\t\t\t<div class=\"elementor-widget-container\">\n\t\t\t\t\t<h3 class=\"elementor-heading-title elementor-size-default\">II. Configuraci\u00f3n de sus preferencias de cookies<\/h3>\t\t\t\t<\/div>\n\t\t\t\t<\/div>\n\t\t\t\t<div class=\"elementor-element elementor-element-2490606 elementor-widget elementor-widget-text-editor\" data-id=\"2490606\" data-element_type=\"widget\" data-e-type=\"widget\" data-widget_type=\"text-editor.default\">\n\t\t\t\t<div class=\"elementor-widget-container\">\n\t\t\t\t\t\t\t\t\t<p>Puede aceptar o rechazar las cookies en cualquier momento.<\/p>\n<p>Cuando se conecta por primera vez a nuestro sitio web, aparece en la parte inferior de su pantalla un banner que presenta brevemente informaci\u00f3n sobre el dep\u00f3sito de cookies y tecnolog\u00edas similares.<\/p>\n<p>Este banner le advierte de que, al continuar su navegaci\u00f3n por el sitio web (por ejemplo, al cargar una nueva p\u00e1gina o al hacer clic en diversos elementos del sitio), acepta el dep\u00f3sito de cookies en su terminal. Tambi\u00e9n se considera que ha dado su consentimiento al dep\u00f3sito de cookies haciendo clic en el icono de cierre simbolizado por la \u00abX\u00bb a la derecha del banner en su pantalla.<\/p>\n<p>Dependiendo del tipo de cookie de que se trate, puede ser necesario su consentimiento para el dep\u00f3sito y la lectura de cookies en su terminal.<\/p>\t\t\t\t\t\t\t\t<\/div>\n\t\t\t\t<\/div>\n\t\t\t\t<\/div>\n\t\t\t\t\t<\/div>\n\t\t\t\t<\/div>\n\t\t<div class=\"elementor-element elementor-element-35d96b8 e-flex e-con-boxed e-con e-parent\" data-id=\"35d96b8\" data-element_type=\"container\" data-e-type=\"container\">\n\t\t\t\t\t<div class=\"e-con-inner\">\n\t\t\t\t<div class=\"elementor-element elementor-element-d93fa80 elementor-widget elementor-widget-heading\" data-id=\"d93fa80\" data-element_type=\"widget\" data-e-type=\"widget\" data-widget_type=\"heading.default\">\n\t\t\t\t<div class=\"elementor-widget-container\">\n\t\t\t\t\t<h4 class=\"elementor-heading-title elementor-size-default\">a. Cookies exentas de consentimiento<\/h4>\t\t\t\t<\/div>\n\t\t\t\t<\/div>\n\t\t\t\t<div class=\"elementor-element elementor-element-8df1c2c elementor-widget elementor-widget-text-editor\" data-id=\"8df1c2c\" data-element_type=\"widget\" data-e-type=\"widget\" data-widget_type=\"text-editor.default\">\n\t\t\t\t<div class=\"elementor-widget-container\">\n\t\t\t\t\t\t\t\t\t<p>De conformidad con las recomendaciones de la Comisi\u00f3n Nacional de Inform\u00e1tica y Libertades (CNIL), determinadas cookies no requieren su consentimiento previo en la medida en que sean estrictamente necesarias para el buen funcionamiento del sitio web o su \u00fanica finalidad sea permitir o facilitar la comunicaci\u00f3n electr\u00f3nica.<\/p>\n<p>Entre ellas se encuentran las cookies de identificaci\u00f3n de sesi\u00f3n, las cookies de autenticaci\u00f3n, las cookies de sesi\u00f3n de equilibrio de carga y las cookies de personalizaci\u00f3n de la interfaz. Estas cookies est\u00e1n plenamente sujetas a la presente pol\u00edtica en la medida en que son emitidas y gestionadas por nuestro sitio.<\/p>\n<p>Nuestro sitio web no utiliza cookies de este tipo.<\/p>\t\t\t\t\t\t\t\t<\/div>\n\t\t\t\t<\/div>\n\t\t\t\t\t<\/div>\n\t\t\t\t<\/div>\n\t\t<div class=\"elementor-element elementor-element-688cf36 e-flex e-con-boxed e-con e-parent\" data-id=\"688cf36\" data-element_type=\"container\" data-e-type=\"container\" data-settings=\"{&quot;background_background&quot;:&quot;classic&quot;}\">\n\t\t\t\t\t<div class=\"e-con-inner\">\n\t\t<div class=\"elementor-element elementor-element-e8e00fc e-con-full e-flex e-con e-child\" data-id=\"e8e00fc\" data-element_type=\"container\" data-e-type=\"container\">\n\t\t\t\t<div class=\"elementor-element elementor-element-b50be66 elementor-widget elementor-widget-heading\" data-id=\"b50be66\" data-element_type=\"widget\" data-e-type=\"widget\" data-widget_type=\"heading.default\">\n\t\t\t\t<div class=\"elementor-widget-container\">\n\t\t\t\t\t<h4 class=\"elementor-heading-title elementor-size-default\">b. Cookies que requieren consentimiento previo<\/h4>\t\t\t\t<\/div>\n\t\t\t\t<\/div>\n\t\t\t\t<div class=\"elementor-element elementor-element-b5690bd elementor-widget elementor-widget-text-editor\" data-id=\"b5690bd\" data-element_type=\"widget\" data-e-type=\"widget\" data-widget_type=\"text-editor.default\">\n\t\t\t\t<div class=\"elementor-widget-container\">\n\t\t\t\t\t\t\t\t\t<p>Este requisito se refiere a las cookies emitidas por terceros y calificadas como \u00abpersistentes\u00bb en el sentido de que permanecen en su terminal hasta que se eliminan o caducan.<\/p>\n<p>Dado que estas cookies son emitidas por terceros, su uso y almacenamiento est\u00e1n sujetos a sus propias pol\u00edticas de privacidad, cuyo enlace se proporciona a continuaci\u00f3n. Esta familia de cookies incluye cookies publicitarias (que no utilizamos), cookies para compartir en redes sociales y cookies estad\u00edsticas.<\/p>\n<p>Las cookies para compartir en redes sociales son emitidas y gestionadas por el editor de la red social en cuesti\u00f3n.<\/p>\t\t\t\t\t\t\t\t<\/div>\n\t\t\t\t<\/div>\n\t\t\t\t<\/div>\n\t\t\t\t\t<\/div>\n\t\t\t\t<\/div>\n\t\t<div class=\"elementor-element elementor-element-d21f301 e-flex e-con-boxed e-con e-parent\" data-id=\"d21f301\" data-element_type=\"container\" data-e-type=\"container\">\n\t\t\t\t\t<div class=\"e-con-inner\">\n\t\t\t\t<div class=\"elementor-element elementor-element-3e92905 elementor-widget elementor-widget-heading\" data-id=\"3e92905\" data-element_type=\"widget\" data-e-type=\"widget\" data-widget_type=\"heading.default\">\n\t\t\t\t<div class=\"elementor-widget-container\">\n\t\t\t\t\t<h5 class=\"elementor-heading-title elementor-size-default\">Estad\u00edsticas :<\/h5>\t\t\t\t<\/div>\n\t\t\t\t<\/div>\n\t\t\t\t<div class=\"elementor-element elementor-element-9b6e6ce elementor-widget elementor-widget-text-editor\" data-id=\"9b6e6ce\" data-element_type=\"widget\" data-e-type=\"widget\" data-widget_type=\"text-editor.default\">\n\t\t\t\t<div class=\"elementor-widget-container\">\n\t\t\t\t\t\t\t\t\t<p>Nombre de la cookie: ga, gat_gtag, _gid<br \/>Periodo de validez: 13 meses<br \/>Descripci\u00f3n: Son cookies de seguimiento de Google Analytics. Nos permiten identificar tus visitas anteriores, para no tener que contarte varias veces. Al continuar navegando por el sitio, aceptas el dep\u00f3sito de estas cookies.<\/p>\n\t\t\t\t\t\t\t\t<\/div>\n\t\t\t\t<\/div>\n\t\t\t\t<div class=\"elementor-element elementor-element-497d962 elementor-widget elementor-widget-heading\" data-id=\"497d962\" data-element_type=\"widget\" data-e-type=\"widget\" data-widget_type=\"heading.default\">\n\t\t\t\t<div class=\"elementor-widget-container\">\n\t\t\t\t\t<h5 class=\"elementor-heading-title elementor-size-default\">Redes sociales:<\/h5>\t\t\t\t<\/div>\n\t\t\t\t<\/div>\n\t\t\t\t<div class=\"elementor-element elementor-element-d382b05 elementor-widget elementor-widget-text-editor\" data-id=\"d382b05\" data-element_type=\"widget\" data-e-type=\"widget\" data-widget_type=\"text-editor.default\">\n\t\t\t\t<div class=\"elementor-widget-container\">\n\t\t\t\t\t\t\t\t\t<p>A reserva de su consentimiento, estas cookies le permiten compartir f\u00e1cilmente algunos de los contenidos publicados en el sitio, en particular a trav\u00e9s de un \u00abbot\u00f3n\u00bb de la aplicaci\u00f3n para compartir en funci\u00f3n de la red social de que se trate:<\/p>\n<ul>\n<li>\u2022 Facebook e Instagram, cuya pol\u00edtica de cookies puede consultarse haciendo clic en el siguiente enlace: <strong><a href=\"https:\/\/www.facebook.com\/policies\/cookies\">https:\/\/www.facebook.com\/policies\/cookies<\/a><\/strong><\/li>\n<li>Twitter, donde encontrar\u00e1 opciones para controlar o restringir el uso de cookies, as\u00ed como su pol\u00edtica de cookies:<br><strong><a href=\"https:\/\/help.twitter.com\/fr\/rules-and-policies\/twitter-cookies\">https:\/\/help.twitter.com\/fr\/rules-and-policies\/twitter-cookies<\/a><\/strong><\/li>\n<li>YouTube, cuya pol\u00edtica de cookies completa puede consultarse en el siguiente enlace: <a href=\"https:\/\/www.google.fr\/intl\/fr\/policies\/technologies\/cookies\"><strong>https:\/\/www.google.fr\/intl\/fr\/policies\/technologies\/cookies<\/strong><\/a><\/li>\n<\/ul>\n<p>Puede revocar su consentimiento para el uso de cookies en el siguiente enlace: <strong>Modificar mis opciones de cookies<\/strong><\/p>\t\t\t\t\t\t\t\t<\/div>\n\t\t\t\t<\/div>\n\t\t\t\t\t<\/div>\n\t\t\t\t<\/div>\n\t\t<div class=\"elementor-element elementor-element-dfa5845 e-flex e-con-boxed e-con e-parent\" data-id=\"dfa5845\" data-element_type=\"container\" data-e-type=\"container\" data-settings=\"{&quot;background_background&quot;:&quot;classic&quot;}\">\n\t\t\t\t\t<div class=\"e-con-inner\">\n\t\t<div class=\"elementor-element elementor-element-0f5b02a e-con-full e-flex e-con e-child\" data-id=\"0f5b02a\" data-element_type=\"container\" data-e-type=\"container\">\n\t\t\t\t<div class=\"elementor-element elementor-element-c4de482 elementor-widget elementor-widget-heading\" data-id=\"c4de482\" data-element_type=\"widget\" data-e-type=\"widget\" data-widget_type=\"heading.default\">\n\t\t\t\t<div class=\"elementor-widget-container\">\n\t\t\t\t\t<h4 class=\"elementor-heading-title elementor-size-default\">c. Herramientas de configuraci\u00f3n de cookies<\/h4>\t\t\t\t<\/div>\n\t\t\t\t<\/div>\n\t\t\t\t<div class=\"elementor-element elementor-element-040dd99 elementor-widget elementor-widget-text-editor\" data-id=\"040dd99\" data-element_type=\"widget\" data-e-type=\"widget\" data-widget_type=\"text-editor.default\">\n\t\t\t\t<div class=\"elementor-widget-container\">\n\t\t\t\t\t\t\t\t\t<p>La mayor\u00eda de los navegadores de Internet est\u00e1n configurados por defecto para que se autorice el dep\u00f3sito de cookies.<\/p>\n<p>Sin embargo, su navegador le ofrece la posibilidad de modificar esta configuraci\u00f3n est\u00e1ndar para que todas las cookies sean sistem\u00e1ticamente rechazadas, o para que s\u00f3lo algunas cookies sean aceptadas o rechazadas, en funci\u00f3n del emisor.<\/p>\n<p><strong>ATENCI\u00d3N<\/strong>: Rechazar las cookies en su terminal puede, no obstante, alterar su experiencia de usuario y su acceso a determinados servicios o funciones de este sitio web. En su caso, declinamos toda responsabilidad por las consecuencias de cualquier deterioro de sus condiciones de navegaci\u00f3n resultante de su elecci\u00f3n de rechazar, suprimir o bloquear las cookies necesarias para el funcionamiento del sitio.<\/p>\n<p>Estas consecuencias no constituyen un perjuicio y usted no podr\u00e1 reclamar ninguna indemnizaci\u00f3n por ello. Su navegador tambi\u00e9n le permite eliminar las cookies existentes de su terminal o informarle cuando es probable que se instalen nuevas cookies en su terminal. Estos ajustes no afectan a su experiencia de navegaci\u00f3n, pero perder\u00e1 todas las ventajas de las cookies.<\/p>\n<p>Consulte a continuaci\u00f3n las distintas herramientas que tiene a su disposici\u00f3n para poder configurar las cookies instaladas en su terminal seg\u00fan sus preferencias.<\/p>\t\t\t\t\t\t\t\t<\/div>\n\t\t\t\t<\/div>\n\t\t\t\t<\/div>\n\t\t\t\t\t<\/div>\n\t\t\t\t<\/div>\n\t\t<div class=\"elementor-element elementor-element-073c09a e-flex e-con-boxed e-con e-parent\" data-id=\"073c09a\" data-element_type=\"container\" data-e-type=\"container\">\n\t\t\t\t\t<div class=\"e-con-inner\">\n\t\t\t\t<div class=\"elementor-element elementor-element-238a224 elementor-widget elementor-widget-heading\" data-id=\"238a224\" data-element_type=\"widget\" data-e-type=\"widget\" data-widget_type=\"heading.default\">\n\t\t\t\t<div class=\"elementor-widget-container\">\n\t\t\t\t\t<h4 class=\"elementor-heading-title elementor-size-default\">d. Configuraci\u00f3n de su navegador de Internet<\/h4>\t\t\t\t<\/div>\n\t\t\t\t<\/div>\n\t\t\t\t<div class=\"elementor-element elementor-element-1d84127 elementor-widget elementor-widget-text-editor\" data-id=\"1d84127\" data-element_type=\"widget\" data-e-type=\"widget\" data-widget_type=\"text-editor.default\">\n\t\t\t\t<div class=\"elementor-widget-container\">\n\t\t\t\t\t\t\t\t\t<p>Cada navegador de Internet tiene su propia configuraci\u00f3n de gesti\u00f3n de cookies.<br>Para saber c\u00f3mo modificar sus preferencias en materia de cookies, a continuaci\u00f3n encontrar\u00e1 los enlaces a la ayuda necesaria para acceder al men\u00fa de su navegador a tal efecto:<\/p>\n<ul>\n<li>Chrome : <strong><a href=\"https:\/\/support.google.com\/chrome\/answer\/95647?hl=fr\">https:\/\/support.google.com\/chrome\/answer\/95647?hl=fr<\/a><\/strong><\/li>\n<li>Firefox : <a href=\"https:\/\/support.mozilla.org\/fr\/kb\/protection-renforcee-contre-pistage-firefox-ordinateur?redirectslug=activer-desactiver-cookies&amp;redirectlocale=fr\"><strong>https:\/\/support.mozilla.org\/fr\/kb\/protection-renforcee-contre-pistage-firefox-ordinateur?redirectslug=activer-desactiver-cookies&amp;redirectlocale=fr<\/strong><\/a><\/li>\n<li>Internet Explorer : <strong><a href=\"https:\/\/support.microsoft.com\/fr-fr\/windows\/supprimer-et-g%C3%A9rer-les-cookies-168dab11-0753-043d-7c16-ede5947fc64d#ie=ie-11\">https:\/\/support.microsoft.com\/fr-fr\/windows\/supprimer-et-g%C3%A9rer-les-cookies-168dab11-0753-043d-7c16-ede5947fc64d#ie=ie-11<\/a><\/strong><\/li>\n<li>Opera : <a href=\"https:\/\/help.opera.com\/en\/latest\/web-preferences\/\"><strong>https:\/\/help.opera.com\/en\/latest\/web-preferences\/<\/strong><\/a><\/li>\n<li>Safari : <a href=\"https:\/\/support.apple.com\/fr-fr\/guide\/deployment\/depf7d5714d4\/web\"><strong>https:\/\/support.apple.com\/fr-fr\/guide\/deployment\/depf7d5714d4\/web<\/strong><\/a><\/li>\n<\/ul>\t\t\t\t\t\t\t\t<\/div>\n\t\t\t\t<\/div>\n\t\t\t\t\t<\/div>\n\t\t\t\t<\/div>\n\t\t<div class=\"elementor-element elementor-element-de6ef92 en-avant e-flex e-con-boxed e-con e-parent\" data-id=\"de6ef92\" data-element_type=\"container\" data-e-type=\"container\">\n\t\t\t\t\t<div class=\"e-con-inner\">\n\t\t<div class=\"elementor-element elementor-element-cb5716b e-flex e-con-boxed e-con e-child\" data-id=\"cb5716b\" data-element_type=\"container\" data-e-type=\"container\" data-settings=\"{&quot;background_background&quot;:&quot;classic&quot;}\">\n\t\t\t\t\t<div class=\"e-con-inner\">\n\t\t\t\t<div class=\"elementor-element elementor-element-ad40b57 elementor-widget elementor-widget-text-editor\" data-id=\"ad40b57\" data-element_type=\"widget\" data-e-type=\"widget\" data-widget_type=\"text-editor.default\">\n\t\t\t\t<div class=\"elementor-widget-container\">\n\t\t\t\t\t\t\t\t\t<p>Para m\u00e1s informaci\u00f3n sobre c\u00f3mo gestionar las cookies de su navegador, visite el sitio web de la CNIL<br \/><a href=\"https:\/\/www.cnil.fr\/fr\/cookies-et-autres-traceurs\/comment-se-proteger\/maitriser-votre-navigateur\"><strong>https:\/\/www.cnil.fr\/fr\/cookies-et-autres-traceurs\/comment-se-proteger\/maitriser-votre-navigateur<\/strong><\/a><\/p>\n\t\t\t\t\t\t\t\t<\/div>\n\t\t\t\t<\/div>\n\t\t\t\t\t<\/div>\n\t\t\t\t<\/div>\n\t\t\t\t\t<\/div>\n\t\t\t\t<\/div>\n\t\t<div class=\"elementor-element elementor-element-89ada00 e-flex e-con-boxed e-con e-parent\" data-id=\"89ada00\" data-element_type=\"container\" data-e-type=\"container\" data-settings=\"{&quot;background_background&quot;:&quot;classic&quot;}\">\n\t\t\t\t\t<div class=\"e-con-inner\">\n\t\t<div class=\"elementor-element elementor-element-a05a33e e-con-full e-flex e-con e-child\" data-id=\"a05a33e\" data-element_type=\"container\" data-e-type=\"container\">\n\t\t\t\t<div class=\"elementor-element elementor-element-bad57f2 elementor-widget elementor-widget-heading\" data-id=\"bad57f2\" data-element_type=\"widget\" data-e-type=\"widget\" data-widget_type=\"heading.default\">\n\t\t\t\t<div class=\"elementor-widget-container\">\n\t\t\t\t\t<h2 class=\"elementor-heading-title elementor-size-default\">Comentarios y sugerencias<\/h2>\t\t\t\t<\/div>\n\t\t\t\t<\/div>\n\t\t\t\t<div class=\"elementor-element elementor-element-8586db3 elementor-widget elementor-widget-text-editor\" data-id=\"8586db3\" data-element_type=\"widget\" data-e-type=\"widget\" data-widget_type=\"text-editor.default\">\n\t\t\t\t<div class=\"elementor-widget-container\">\n\t\t\t\t\t\t\t\t\t<p>Los comentarios y sugerencias pueden enviarse al administrador del sitio a la siguiente direcci\u00f3n de correo electr\u00f3nico: <strong>adrillet[at]cc-sud.eu<\/strong> <\/p>\n\t\t\t\t\t\t\t\t<\/div>\n\t\t\t\t<\/div>\n\t\t\t\t<div class=\"elementor-element elementor-element-3ba5280 elementor-widget elementor-widget-heading\" data-id=\"3ba5280\" data-element_type=\"widget\" data-e-type=\"widget\" data-widget_type=\"heading.default\">\n\t\t\t\t<div class=\"elementor-widget-container\">\n\t\t\t\t\t<h2 class=\"elementor-heading-title elementor-size-default\">Fecha de la \u00faltima actualizaci\u00f3n<\/h2>\t\t\t\t<\/div>\n\t\t\t\t<\/div>\n\t\t\t\t<div class=\"elementor-element elementor-element-16890dd elementor-widget elementor-widget-text-editor\" data-id=\"16890dd\" data-element_type=\"widget\" data-e-type=\"widget\" data-widget_type=\"text-editor.default\">\n\t\t\t\t<div class=\"elementor-widget-container\">\n\t\t\t\t\t\t\t\t\t<p>El aviso legal se actualiz\u00f3 por \u00faltima vez el <strong>2024-06-20.<\/strong><\/p>\n\t\t\t\t\t\t\t\t<\/div>\n\t\t\t\t<\/div>\n\t\t\t\t<\/div>\n\t\t\t\t\t<\/div>\n\t\t\t\t<\/div>\n\t\t<div class=\"elementor-element elementor-element-cb98b48 en-avant e-flex e-con-boxed e-con e-parent\" data-id=\"cb98b48\" data-element_type=\"container\" data-e-type=\"container\">\n\t\t\t\t\t<div class=\"e-con-inner\">\n\t\t<div class=\"elementor-element elementor-element-f48717f e-flex e-con-boxed e-con e-child\" data-id=\"f48717f\" data-element_type=\"container\" data-e-type=\"container\" data-settings=\"{&quot;background_background&quot;:&quot;classic&quot;}\">\n\t\t\t\t\t<div class=\"e-con-inner\">\n\t\t\t\t<div class=\"elementor-element elementor-element-574980d elementor-widget elementor-widget-text-editor\" data-id=\"574980d\" data-element_type=\"widget\" data-e-type=\"widget\" data-widget_type=\"text-editor.default\">\n\t\t\t\t<div class=\"elementor-widget-container\">\n\t\t\t\t\t\t\t\t\t<h2><strong>Disfrute de su visita<\/strong><\/h2>\n\t\t\t\t\t\t\t\t<\/div>\n\t\t\t\t<\/div>\n\t\t\t\t\t<\/div>\n\t\t\t\t<\/div>\n\t\t\t\t\t<\/div>\n\t\t\t\t<\/div>\n\t\t\t\t<\/div>\n\t\t","protected":false},"excerpt":{"rendered":"<p>PROTECCI\u00d3N DE DATOS PERSONALES Dado que consideramos esencial la protecci\u00f3n&hellip;<\/p>\n","protected":false},"author":1,"featured_media":0,"parent":0,"menu_order":0,"comment_status":"closed","ping_status":"closed","template":"","meta":{"_acf_changed":false,"footnotes":""},"class_list":["post-20353","page","type-page","status-publish","hentry"],"acf":[],"yoast_head":"<!-- This site is optimized with the Yoast SEO plugin v27.3 - https:\/\/yoast.com\/product\/yoast-seo-wordpress\/ -->\n<title>Pol\u00edtica de privacidad - CC Sud<\/title>\n<meta name=\"robots\" content=\"noindex, follow\" \/>\n<meta property=\"og:locale\" content=\"es_ES\" \/>\n<meta property=\"og:type\" content=\"article\" \/>\n<meta property=\"og:title\" content=\"Pol\u00edtica de privacidad - CC Sud\" \/>\n<meta property=\"og:description\" content=\"PROTECCI\u00d3N DE DATOS PERSONALES Dado que consideramos esencial la protecci\u00f3n&hellip;\" \/>\n<meta property=\"og:url\" content=\"https:\/\/cc-sud.eu\/es\/politica-de-privacidad\/\" \/>\n<meta property=\"og:site_name\" content=\"CC Sud\" \/>\n<meta property=\"article:modified_time\" content=\"2024-06-27T07:51:42+00:00\" \/>\n<meta name=\"twitter:card\" content=\"summary_large_image\" \/>\n<meta name=\"twitter:label1\" content=\"Tiempo de lectura\" \/>\n\t<meta name=\"twitter:data1\" content=\"13 minutos\" \/>\n<script type=\"application\/ld+json\" class=\"yoast-schema-graph\">{\"@context\":\"https:\\\/\\\/schema.org\",\"@graph\":[{\"@type\":\"WebPage\",\"@id\":\"https:\\\/\\\/cc-sud.eu\\\/es\\\/politica-de-privacidad\\\/\",\"url\":\"https:\\\/\\\/cc-sud.eu\\\/es\\\/politica-de-privacidad\\\/\",\"name\":\"Pol\u00edtica de privacidad - CC Sud\",\"isPartOf\":{\"@id\":\"https:\\\/\\\/cc-sud.eu\\\/es\\\/#website\"},\"datePublished\":\"2024-02-01T14:13:25+00:00\",\"dateModified\":\"2024-06-27T07:51:42+00:00\",\"breadcrumb\":{\"@id\":\"https:\\\/\\\/cc-sud.eu\\\/es\\\/politica-de-privacidad\\\/#breadcrumb\"},\"inLanguage\":\"es\",\"potentialAction\":[{\"@type\":\"ReadAction\",\"target\":[\"https:\\\/\\\/cc-sud.eu\\\/es\\\/politica-de-privacidad\\\/\"]}]},{\"@type\":\"BreadcrumbList\",\"@id\":\"https:\\\/\\\/cc-sud.eu\\\/es\\\/politica-de-privacidad\\\/#breadcrumb\",\"itemListElement\":[{\"@type\":\"ListItem\",\"position\":1,\"name\":\"CC Sud\",\"item\":\"https:\\\/\\\/cc-sud.eu\\\/es\\\/\"},{\"@type\":\"ListItem\",\"position\":2,\"name\":\"Pol\u00edtica de privacidad\"}]},{\"@type\":\"WebSite\",\"@id\":\"https:\\\/\\\/cc-sud.eu\\\/es\\\/#website\",\"url\":\"https:\\\/\\\/cc-sud.eu\\\/es\\\/\",\"name\":\"CC Sud\",\"description\":\"\",\"publisher\":{\"@id\":\"https:\\\/\\\/cc-sud.eu\\\/es\\\/#organization\"},\"potentialAction\":[{\"@type\":\"SearchAction\",\"target\":{\"@type\":\"EntryPoint\",\"urlTemplate\":\"https:\\\/\\\/cc-sud.eu\\\/es\\\/?s={search_term_string}\"},\"query-input\":{\"@type\":\"PropertyValueSpecification\",\"valueRequired\":true,\"valueName\":\"search_term_string\"}}],\"inLanguage\":\"es\"},{\"@type\":\"Organization\",\"@id\":\"https:\\\/\\\/cc-sud.eu\\\/es\\\/#organization\",\"name\":\"CC Sud\",\"url\":\"https:\\\/\\\/cc-sud.eu\\\/es\\\/\",\"logo\":{\"@type\":\"ImageObject\",\"inLanguage\":\"es\",\"@id\":\"https:\\\/\\\/cc-sud.eu\\\/es\\\/#\\\/schema\\\/logo\\\/image\\\/\",\"url\":\"https:\\\/\\\/cc-sud.eu\\\/wp-content\\\/uploads\\\/2024\\\/02\\\/logo.svg\",\"contentUrl\":\"https:\\\/\\\/cc-sud.eu\\\/wp-content\\\/uploads\\\/2024\\\/02\\\/logo.svg\",\"width\":198,\"height\":60,\"caption\":\"CC Sud\"},\"image\":{\"@id\":\"https:\\\/\\\/cc-sud.eu\\\/es\\\/#\\\/schema\\\/logo\\\/image\\\/\"}}]}<\/script>\n<!-- \/ Yoast SEO plugin. -->","yoast_head_json":{"title":"Pol\u00edtica de privacidad - CC Sud","robots":{"index":"noindex","follow":"follow"},"og_locale":"es_ES","og_type":"article","og_title":"Pol\u00edtica de privacidad - CC Sud","og_description":"PROTECCI\u00d3N DE DATOS PERSONALES Dado que consideramos esencial la protecci\u00f3n&hellip;","og_url":"https:\/\/cc-sud.eu\/es\/politica-de-privacidad\/","og_site_name":"CC Sud","article_modified_time":"2024-06-27T07:51:42+00:00","twitter_card":"summary_large_image","twitter_misc":{"Tiempo de lectura":"13 minutos"},"schema":{"@context":"https:\/\/schema.org","@graph":[{"@type":"WebPage","@id":"https:\/\/cc-sud.eu\/es\/politica-de-privacidad\/","url":"https:\/\/cc-sud.eu\/es\/politica-de-privacidad\/","name":"Pol\u00edtica de privacidad - CC Sud","isPartOf":{"@id":"https:\/\/cc-sud.eu\/es\/#website"},"datePublished":"2024-02-01T14:13:25+00:00","dateModified":"2024-06-27T07:51:42+00:00","breadcrumb":{"@id":"https:\/\/cc-sud.eu\/es\/politica-de-privacidad\/#breadcrumb"},"inLanguage":"es","potentialAction":[{"@type":"ReadAction","target":["https:\/\/cc-sud.eu\/es\/politica-de-privacidad\/"]}]},{"@type":"BreadcrumbList","@id":"https:\/\/cc-sud.eu\/es\/politica-de-privacidad\/#breadcrumb","itemListElement":[{"@type":"ListItem","position":1,"name":"CC Sud","item":"https:\/\/cc-sud.eu\/es\/"},{"@type":"ListItem","position":2,"name":"Pol\u00edtica de privacidad"}]},{"@type":"WebSite","@id":"https:\/\/cc-sud.eu\/es\/#website","url":"https:\/\/cc-sud.eu\/es\/","name":"CC Sud","description":"","publisher":{"@id":"https:\/\/cc-sud.eu\/es\/#organization"},"potentialAction":[{"@type":"SearchAction","target":{"@type":"EntryPoint","urlTemplate":"https:\/\/cc-sud.eu\/es\/?s={search_term_string}"},"query-input":{"@type":"PropertyValueSpecification","valueRequired":true,"valueName":"search_term_string"}}],"inLanguage":"es"},{"@type":"Organization","@id":"https:\/\/cc-sud.eu\/es\/#organization","name":"CC Sud","url":"https:\/\/cc-sud.eu\/es\/","logo":{"@type":"ImageObject","inLanguage":"es","@id":"https:\/\/cc-sud.eu\/es\/#\/schema\/logo\/image\/","url":"https:\/\/cc-sud.eu\/wp-content\/uploads\/2024\/02\/logo.svg","contentUrl":"https:\/\/cc-sud.eu\/wp-content\/uploads\/2024\/02\/logo.svg","width":198,"height":60,"caption":"CC Sud"},"image":{"@id":"https:\/\/cc-sud.eu\/es\/#\/schema\/logo\/image\/"}}]}},"_links":{"self":[{"href":"https:\/\/cc-sud.eu\/es\/wp-json\/wp\/v2\/pages\/20353","targetHints":{"allow":["GET"]}}],"collection":[{"href":"https:\/\/cc-sud.eu\/es\/wp-json\/wp\/v2\/pages"}],"about":[{"href":"https:\/\/cc-sud.eu\/es\/wp-json\/wp\/v2\/types\/page"}],"author":[{"embeddable":true,"href":"https:\/\/cc-sud.eu\/es\/wp-json\/wp\/v2\/users\/1"}],"replies":[{"embeddable":true,"href":"https:\/\/cc-sud.eu\/es\/wp-json\/wp\/v2\/comments?post=20353"}],"version-history":[{"count":1,"href":"https:\/\/cc-sud.eu\/es\/wp-json\/wp\/v2\/pages\/20353\/revisions"}],"predecessor-version":[{"id":20354,"href":"https:\/\/cc-sud.eu\/es\/wp-json\/wp\/v2\/pages\/20353\/revisions\/20354"}],"wp:attachment":[{"href":"https:\/\/cc-sud.eu\/es\/wp-json\/wp\/v2\/media?parent=20353"}],"curies":[{"name":"wp","href":"https:\/\/api.w.org\/{rel}","templated":true}]}}