{"id":20106,"date":"2024-02-01T15:34:36","date_gmt":"2024-02-01T14:34:36","guid":{"rendered":"https:\/\/cc-sud.eu\/informacao-juridica\/"},"modified":"2024-06-26T16:23:32","modified_gmt":"2024-06-26T14:23:32","slug":"informacao-juridica","status":"publish","type":"page","link":"https:\/\/cc-sud.eu\/pt\/informacao-juridica\/","title":{"rendered":"Informa\u00e7\u00e3o jur\u00eddica"},"content":{"rendered":"\t\t<div data-elementor-type=\"wp-page\" data-elementor-id=\"20106\" class=\"elementor elementor-20106 elementor-8\" data-elementor-post-type=\"page\">\n\t\t\t\t<div class=\"elementor-element elementor-element-1c5f6c55 e-flex e-con-boxed e-con e-parent\" data-id=\"1c5f6c55\" data-element_type=\"container\" data-e-type=\"container\">\n\t\t\t\t\t<div class=\"e-con-inner\">\n\t\t\t\t<div class=\"elementor-element elementor-element-28d3046d elementor-widget elementor-widget-heading\" data-id=\"28d3046d\" data-element_type=\"widget\" data-e-type=\"widget\" data-widget_type=\"heading.default\">\n\t\t\t\t<div class=\"elementor-widget-container\">\n\t\t\t\t\t<h2 class=\"elementor-heading-title elementor-size-default\">O Conselho Consultivo para as \u00e1guas ocidentais austrais (CCS, s para Sul e ex CCR Sul)<\/h2>\t\t\t\t<\/div>\n\t\t\t\t<\/div>\n\t\t\t\t<div class=\"elementor-element elementor-element-499eb7b2 elementor-widget elementor-widget-text-editor\" data-id=\"499eb7b2\" data-element_type=\"widget\" data-e-type=\"widget\" data-widget_type=\"text-editor.default\">\n\t\t\t\t<div class=\"elementor-widget-container\">\n\t\t\t\t\t\t\t\t\t<p>O &#8220;CONSELHO CONSULTIVO DAS \u00c1GUAS DO SUDOESTE&#8221; 6 RUE ALPHONSE RIO &#8211; 56100 LORIENT &#8211; FRAN\u00c7A DECLINA QUALQUER RESPONSABILIDADE EM CASO DE ERRO OU OMISS\u00c3O. AS INFORMA\u00c7\u00d5ES E OS RECURSOS DISPON\u00cdVEIS NESTE S\u00cdTIO S\u00c3O FORNECIDOS A T\u00cdTULO MERAMENTE INFORMATIVO E O EDITOR N\u00c3O ASSUME QUALQUER RESPONSABILIDADE PELOS MESMOS. PARA COMUNICAR UM ERRO OU SOLICITAR A RECTIFICA\u00c7\u00c3O DE INFORMA\u00c7\u00d5ES, CONTACTE-NOS POR CORREIO ELECTR\u00d3NICO NA SEC\u00c7\u00c3O DE CONTACTOS.<\/p>\n\t\t\t\t\t\t\t\t<\/div>\n\t\t\t\t<\/div>\n\t\t\t\t\t<\/div>\n\t\t\t\t<\/div>\n\t\t<div class=\"elementor-element elementor-element-cff47bc e-flex e-con-boxed e-con e-parent\" data-id=\"cff47bc\" data-element_type=\"container\" data-e-type=\"container\">\n\t\t\t\t\t<div class=\"e-con-inner\">\n\t\t\t\t<div class=\"elementor-element elementor-element-0c72e07 elementor-widget elementor-widget-text-editor\" data-id=\"0c72e07\" data-element_type=\"widget\" data-e-type=\"widget\" data-widget_type=\"text-editor.default\">\n\t\t\t\t<div class=\"elementor-widget-container\">\n\t\t\t\t\t\t\t\t\t<p>Em conformidade com o artigo 6 da lei francesa n.\u00ba 2004-575 de 21 de junho de 2004 relativa \u00e0 confian\u00e7a na economia digital, os utilizadores do site <strong><a href=\"https:\/\/cc-sud.eu\">https:\/\/cc-sud.eu<\/a><\/strong> s\u00e3o informados da identidade dos diferentes intervenientes na sua cria\u00e7\u00e3o e acompanhamento.<\/p>\n\t\t\t\t\t\t\t\t<\/div>\n\t\t\t\t<\/div>\n\t\t\t\t\t<\/div>\n\t\t\t\t<\/div>\n\t\t<div class=\"elementor-element elementor-element-da3da62 e-flex e-con-boxed e-con e-parent\" data-id=\"da3da62\" data-element_type=\"container\" data-e-type=\"container\" data-settings=\"{&quot;background_background&quot;:&quot;classic&quot;}\">\n\t\t\t\t\t<div class=\"e-con-inner\">\n\t\t<div class=\"elementor-element elementor-element-758f9ea0 e-con-full e-flex e-con e-child\" data-id=\"758f9ea0\" data-element_type=\"container\" data-e-type=\"container\">\n\t\t\t\t<div class=\"elementor-element elementor-element-ee45945 elementor-widget elementor-widget-heading\" data-id=\"ee45945\" data-element_type=\"widget\" data-e-type=\"widget\" data-widget_type=\"heading.default\">\n\t\t\t\t<div class=\"elementor-widget-container\">\n\t\t\t\t\t<h2 class=\"elementor-heading-title elementor-size-default\">Propriet\u00e1rio do s\u00edtio<\/h2>\t\t\t\t<\/div>\n\t\t\t\t<\/div>\n\t\t\t\t<div class=\"elementor-element elementor-element-19013f3e elementor-widget elementor-widget-text-editor\" data-id=\"19013f3e\" data-element_type=\"widget\" data-e-type=\"widget\" data-widget_type=\"text-editor.default\">\n\t\t\t\t<div class=\"elementor-widget-container\">\n\t\t\t\t\t\t\t\t\t<p><strong>CONSEIL CONSULTATIF REGIONAL DES EAUX OCCIDENTALES SUD <\/strong><\/p>\n<p>6 RUE ALPHONSE RIO 56100 LORIENT<br \/>N\u00daMERO DO SIRET : 499 722 643 000 16<br \/>02 97 83 11 69<br \/><span style=\"text-decoration: underline;\"><strong><a href=\"https:\/\/cc-sud.eu\/pt-pt\/contactar-nos\/\"><a href=\"https:\/\/cc-sud.eu\/pt-pt\/contactar-nos\/\">Contactar-nos por correio eletr\u00f3nico<\/a><\/a><\/strong><\/span><\/p>\n<p><span style=\"text-decoration: underline;\">Respons\u00e1vel pela publica\u00e7\u00e3o:<\/span> DRILLET Aur\u00e9lie <br \/><span style=\"text-decoration: underline;\">Correio eletr\u00f3nico do diretor da publica\u00e7\u00e3o :<\/span> adrillet[at]cc-sud.eu<\/p>\n\t\t\t\t\t\t\t\t<\/div>\n\t\t\t\t<\/div>\n\t\t\t\t<\/div>\n\t\t<div class=\"elementor-element elementor-element-5b20a545 e-con-full e-flex e-con e-child\" data-id=\"5b20a545\" data-element_type=\"container\" data-e-type=\"container\" data-settings=\"{&quot;background_background&quot;:&quot;classic&quot;}\">\n\t\t\t\t<div class=\"elementor-element elementor-element-83e446e elementor-widget elementor-widget-heading\" data-id=\"83e446e\" data-element_type=\"widget\" data-e-type=\"widget\" data-widget_type=\"heading.default\">\n\t\t\t\t<div class=\"elementor-widget-container\">\n\t\t\t\t\t<h2 class=\"elementor-heading-title elementor-size-default\">Produ\u00e7\u00e3o do s\u00edtio Web<\/h2>\t\t\t\t<\/div>\n\t\t\t\t<\/div>\n\t\t\t\t<div class=\"elementor-element elementor-element-453d812a elementor-widget elementor-widget-text-editor\" data-id=\"453d812a\" data-element_type=\"widget\" data-e-type=\"widget\" data-widget_type=\"text-editor.default\">\n\t\t\t\t<div class=\"elementor-widget-container\">\n\t\t\t\t\t\t\t\t\t<p><strong>SARL Dream me up<\/strong><br \/>Le Jaipur &#8211; B\u00e2timent A<br \/>10 rue Fran\u00e7ois Tanguy Prigent<br \/>56890 SAINT-AV\u00c9<\/p>\n<p><span style=\"text-decoration: underline;\"><strong><a href=\"https:\/\/www.dream-me-up.fr\/agence-web-lorient\"><a href=\"https:\/\/www.dream-me-up.fr\/agence-web-lorient\">Ag\u00eancia WordPress em Lorient<\/a><\/a><\/strong><\/span><\/p>\n<p>R.C.S. VANNES 501 021 588<br \/>https:\/\/www.dream-me-up.fr<br \/>Endere\u00e7o de contacto: contact[at]dream-me-up.fr<br \/>N\u00famero de telefone : 02 97 63 83 06<\/p>\n\t\t\t\t\t\t\t\t<\/div>\n\t\t\t\t<\/div>\n\t\t\t\t<\/div>\n\t\t\t\t\t<\/div>\n\t\t\t\t<\/div>\n\t\t<div class=\"elementor-element elementor-element-a8e663e e-flex e-con-boxed e-con e-parent\" data-id=\"a8e663e\" data-element_type=\"container\" data-e-type=\"container\">\n\t\t\t\t\t<div class=\"e-con-inner\">\n\t\t\t\t<div class=\"elementor-element elementor-element-a8f04da elementor-widget elementor-widget-heading\" data-id=\"a8f04da\" data-element_type=\"widget\" data-e-type=\"widget\" data-widget_type=\"heading.default\">\n\t\t\t\t<div class=\"elementor-widget-container\">\n\t\t\t\t\t<h2 class=\"elementor-heading-title elementor-size-default\">Alojamento do s\u00edtio Web<\/h2>\t\t\t\t<\/div>\n\t\t\t\t<\/div>\n\t\t\t\t<div class=\"elementor-element elementor-element-07eb380 elementor-widget elementor-widget-text-editor\" data-id=\"07eb380\" data-element_type=\"widget\" data-e-type=\"widget\" data-widget_type=\"text-editor.default\">\n\t\t\t\t<div class=\"elementor-widget-container\">\n\t\t\t\t\t\t\t\t\t<p>O s\u00edtio Web est\u00e1 alojado num servidor dedicado em SASU OVH &#8211; 2 rue Kellermann 59100 ROUBAIX-Fran\u00e7a. N.\u00ba SIRET 42476141900045 &#8211; N\u00famero de telefone: 09 72 10 10 07.<\/p>\n<p>A manuten\u00e7\u00e3o \u00e9 efectuada pela <strong> Dream me up. <\/strong><\/p>\n\t\t\t\t\t\t\t\t<\/div>\n\t\t\t\t<\/div>\n\t\t\t\t\t<\/div>\n\t\t\t\t<\/div>\n\t\t<div class=\"elementor-element elementor-element-3a67b9c e-flex e-con-boxed e-con e-parent\" data-id=\"3a67b9c\" data-element_type=\"container\" data-e-type=\"container\">\n\t\t\t\t\t<div class=\"e-con-inner\">\n\t\t\t\t<div class=\"elementor-element elementor-element-b22e2ca elementor-widget elementor-widget-heading\" data-id=\"b22e2ca\" data-element_type=\"widget\" data-e-type=\"widget\" data-widget_type=\"heading.default\">\n\t\t\t\t<div class=\"elementor-widget-container\">\n\t\t\t\t\t<h2 class=\"elementor-heading-title elementor-size-default\">Direitos de propriedade intelectual<\/h2>\t\t\t\t<\/div>\n\t\t\t\t<\/div>\n\t\t\t\t<div class=\"elementor-element elementor-element-4e8e278 elementor-widget elementor-widget-text-editor\" data-id=\"4e8e278\" data-element_type=\"widget\" data-e-type=\"widget\" data-widget_type=\"text-editor.default\">\n\t\t\t\t<div class=\"elementor-widget-container\">\n\t\t\t\t\t\t\t\t\t<p>A estrutura geral, bem como o software, os textos, as imagens (animadas ou n\u00e3o), o know-how e todos os outros elementos que comp\u00f5em o s\u00edtio s\u00e3o propriedade exclusiva de <strong>CCSud<\/strong><strong>.<\/strong><\/p>\n<p>Qualquer representa\u00e7\u00e3o total ou parcial deste s\u00edtio por qualquer pessoa sem a autoriza\u00e7\u00e3o expressa do <strong>CCSud <\/strong> \u00e9 proibida e constituiria uma infra\u00e7\u00e3o pun\u00edvel pelos artigos L. 335-2 e seguintes do C\u00f3digo da Propriedade Intelectual.<\/p>\n<p>As marcas do <strong>CCSud <\/strong> e dos seus parceiros, bem como os log\u00f3tipos, fotografias e esquemas que figuram no site s\u00e3o marcas registadas.<\/p>\n<p>Qualquer reprodu\u00e7\u00e3o total ou parcial destas marcas ou log\u00f3tipos a partir de elementos do s\u00edtio sem a autoriza\u00e7\u00e3o expressa da <strong>CCSud <\/strong> \u00e9, por conseguinte, proibida pelo C\u00f3digo da Propriedade Intelectual.<\/p>\n\t\t\t\t\t\t\t\t<\/div>\n\t\t\t\t<\/div>\n\t\t\t\t\t<\/div>\n\t\t\t\t<\/div>\n\t\t<div class=\"elementor-element elementor-element-7ca8b48c en-avant e-flex e-con-boxed e-con e-parent\" data-id=\"7ca8b48c\" data-element_type=\"container\" data-e-type=\"container\">\n\t\t\t\t\t<div class=\"e-con-inner\">\n\t\t<div class=\"elementor-element elementor-element-7e9a9b51 e-flex e-con-boxed e-con e-child\" data-id=\"7e9a9b51\" data-element_type=\"container\" data-e-type=\"container\" data-settings=\"{&quot;background_background&quot;:&quot;classic&quot;}\">\n\t\t\t\t\t<div class=\"e-con-inner\">\n\t\t\t\t<div class=\"elementor-element elementor-element-2ef25d98 elementor-widget elementor-widget-text-editor\" data-id=\"2ef25d98\" data-element_type=\"widget\" data-e-type=\"widget\" data-widget_type=\"text-editor.default\">\n\t\t\t\t<div class=\"elementor-widget-container\">\n\t\t\t\t\t\t\t\t\t<p><strong>Cr\u00e9ditos fotogr\u00e1ficos: <\/strong> ACERGA \/ IFSUA \/ CIDPMEM 64-40 \/ Manuel Blanco \/ Sanders Meyns<\/p>\n\t\t\t\t\t\t\t\t<\/div>\n\t\t\t\t<\/div>\n\t\t\t\t\t<\/div>\n\t\t\t\t<\/div>\n\t\t\t\t\t<\/div>\n\t\t\t\t<\/div>\n\t\t<div class=\"elementor-element elementor-element-5e27d21 e-flex e-con-boxed e-con e-parent\" data-id=\"5e27d21\" data-element_type=\"container\" data-e-type=\"container\">\n\t\t\t\t\t<div class=\"e-con-inner\">\n\t\t\t\t<div class=\"elementor-element elementor-element-f8bc554 elementor-widget elementor-widget-heading\" data-id=\"f8bc554\" data-element_type=\"widget\" data-e-type=\"widget\" data-widget_type=\"heading.default\">\n\t\t\t\t<div class=\"elementor-widget-container\">\n\t\t\t\t\t<h2 class=\"elementor-heading-title elementor-size-default\">RGPD: Pol\u00edtica de privacidade e cookies<\/h2>\t\t\t\t<\/div>\n\t\t\t\t<\/div>\n\t\t\t\t<div class=\"elementor-element elementor-element-044d08f elementor-widget elementor-widget-text-editor\" data-id=\"044d08f\" data-element_type=\"widget\" data-e-type=\"widget\" data-widget_type=\"text-editor.default\">\n\t\t\t\t<div class=\"elementor-widget-container\">\n\t\t\t\t\t\t\t\t\t<p>Os dados pessoais s\u00e3o qualquer informa\u00e7\u00e3o relativa a uma pessoa singular: apelido, nome pr\u00f3prio, morada, n\u00famero de telefone, etc. <\/p>\n<p>O nosso site est\u00e1 em conformidade com a lei RGPD para a seguran\u00e7a dos seus dados pessoais de 25 de maio de 2018.<\/p>\n\t\t\t\t\t\t\t\t<\/div>\n\t\t\t\t<\/div>\n\t\t\t\t\t<\/div>\n\t\t\t\t<\/div>\n\t\t<div class=\"elementor-element elementor-element-3a38d56 en-avant e-flex e-con-boxed e-con e-parent\" data-id=\"3a38d56\" data-element_type=\"container\" data-e-type=\"container\">\n\t\t\t\t\t<div class=\"e-con-inner\">\n\t\t<div class=\"elementor-element elementor-element-34bca88 e-flex e-con-boxed e-con e-child\" data-id=\"34bca88\" data-element_type=\"container\" data-e-type=\"container\" data-settings=\"{&quot;background_background&quot;:&quot;classic&quot;}\">\n\t\t\t\t\t<div class=\"e-con-inner\">\n\t\t\t\t<div class=\"elementor-element elementor-element-d4afcbb elementor-widget elementor-widget-text-editor\" data-id=\"d4afcbb\" data-element_type=\"widget\" data-e-type=\"widget\" data-widget_type=\"text-editor.default\">\n\t\t\t\t<div class=\"elementor-widget-container\">\n\t\t\t\t\t\t\t\t\t<p><span style=\"text-decoration: underline;\"><strong><a href=\"https:\/\/cc-sud.eu\/politique-de-confidentialite\/\"><a href=\"https:\/\/cc-sud.eu\/politique-de-confidentialite\/\">Clique aqui para aceder \u00e0 nossa Pol\u00edtica de Privacidade e \u00e0s informa\u00e7\u00f5es sobre cookies<\/a><\/a><\/strong><\/span><\/p>\n\t\t\t\t\t\t\t\t<\/div>\n\t\t\t\t<\/div>\n\t\t\t\t\t<\/div>\n\t\t\t\t<\/div>\n\t\t\t\t\t<\/div>\n\t\t\t\t<\/div>\n\t\t<div class=\"elementor-element elementor-element-7b99820 e-flex e-con-boxed e-con e-parent\" data-id=\"7b99820\" data-element_type=\"container\" data-e-type=\"container\">\n\t\t\t\t\t<div class=\"e-con-inner\">\n\t\t\t\t<div class=\"elementor-element elementor-element-06db40e elementor-widget elementor-widget-heading\" data-id=\"06db40e\" data-element_type=\"widget\" data-e-type=\"widget\" data-widget_type=\"heading.default\">\n\t\t\t\t<div class=\"elementor-widget-container\">\n\t\t\t\t\t<h2 class=\"elementor-heading-title elementor-size-default\">CONTE\u00daDO DA INFORMA\u00c7\u00c3O, V\u00cdRUS, LIGA\u00c7\u00d5ES EXTERNAS E VISUALIZA\u00c7\u00c3O<\/h2>\t\t\t\t<\/div>\n\t\t\t\t<\/div>\n\t\t\t\t<div class=\"elementor-element elementor-element-825821f elementor-widget elementor-widget-text-editor\" data-id=\"825821f\" data-element_type=\"widget\" data-e-type=\"widget\" data-widget_type=\"text-editor.default\">\n\t\t\t\t<div class=\"elementor-widget-container\">\n\t\t\t\t\t\t\t\t\t<p>As informa\u00e7\u00f5es e os dados contidos neste s\u00edtio Web s\u00e3o publicados a t\u00edtulo meramente informativo e n\u00e3o s\u00e3o contratualmente vinculativos.<\/p>\n<p>O &#8220;<strong>Conseil Consultatif pour les Eaux Occidentales du Sud<\/strong>&#8221; n\u00e3o pode ser responsabilizado por eventuais erros ou omiss\u00f5es nos textos e fotografias deste s\u00edtio. As informa\u00e7\u00f5es est\u00e3o sujeitas a altera\u00e7\u00f5es sem aviso pr\u00e9vio. Se, apesar da nossa vigil\u00e2ncia, encontrar algum erro neste site, n\u00e3o hesite em nos informar, enviando-nos um e-mail na sec\u00e7\u00e3o de contactos.<\/p>\n<p>O &#8220;<strong>Conseil Consultatif pour les Eaux Occidentales du Sud<\/strong>&#8221; n\u00e3o assume qualquer responsabilidade e n\u00e3o poder\u00e1 ser responsabilizado por quaisquer danos resultantes de v\u00edrus inform\u00e1ticos que possam infetar o seu equipamento inform\u00e1tico ou outros bens devido \u00e0 sua utiliza\u00e7\u00e3o ou navega\u00e7\u00e3o no s\u00edtio Web ou ao descarregamento de quaisquer materiais, dados, textos, imagens, v\u00eddeos ou \u00e1udio do s\u00edtio Web.<\/p>\n<p>Este s\u00edtio pode conter liga\u00e7\u00f5es a outros s\u00edtios Web. O &#8220;<strong>Conseil Consultatif pour les Eaux Occidentales du Sud<\/strong>&#8221; n\u00e3o \u00e9 de forma alguma respons\u00e1vel pelo conte\u00fado desses outros s\u00edtios.<\/p>\n<p>Este s\u00edtio reativo est\u00e1 optimizado para os principais navegadores:<br \/>Internet Explorer (9, 10 e 11), Mozilla, Firefox, Camino, Opera, Google Chrome e Safari.<\/p>\n\t\t\t\t\t\t\t\t<\/div>\n\t\t\t\t<\/div>\n\t\t\t\t\t<\/div>\n\t\t\t\t<\/div>\n\t\t\t\t<\/div>\n\t\t","protected":false},"excerpt":{"rendered":"<p>O Conselho Consultivo para as \u00e1guas ocidentais austrais (CCS, s&hellip;<\/p>\n","protected":false},"author":1,"featured_media":0,"parent":0,"menu_order":0,"comment_status":"closed","ping_status":"closed","template":"","meta":{"_acf_changed":false,"footnotes":""},"class_list":["post-20106","page","type-page","status-publish","hentry"],"acf":[],"yoast_head":"<!-- This site is optimized with the Yoast SEO plugin v27.3 - https:\/\/yoast.com\/product\/yoast-seo-wordpress\/ -->\n<title>Informa\u00e7\u00e3o jur\u00eddica - CC Sud<\/title>\n<meta name=\"robots\" content=\"noindex, follow\" \/>\n<meta property=\"og:locale\" content=\"pt_PT\" \/>\n<meta property=\"og:type\" content=\"article\" \/>\n<meta property=\"og:title\" content=\"Informa\u00e7\u00e3o jur\u00eddica - CC Sud\" \/>\n<meta property=\"og:description\" content=\"O Conselho Consultivo para as \u00e1guas ocidentais austrais (CCS, s&hellip;\" \/>\n<meta property=\"og:url\" content=\"https:\/\/cc-sud.eu\/pt\/informacao-juridica\/\" \/>\n<meta property=\"og:site_name\" content=\"CC Sud\" \/>\n<meta property=\"article:modified_time\" content=\"2024-06-26T14:23:32+00:00\" \/>\n<meta name=\"twitter:card\" content=\"summary_large_image\" \/>\n<meta name=\"twitter:label1\" content=\"Tempo estimado de leitura\" \/>\n\t<meta name=\"twitter:data1\" content=\"4 minutos\" \/>\n<script type=\"application\/ld+json\" class=\"yoast-schema-graph\">{\"@context\":\"https:\\\/\\\/schema.org\",\"@graph\":[{\"@type\":\"WebPage\",\"@id\":\"https:\\\/\\\/cc-sud.eu\\\/pt\\\/informacao-juridica\\\/\",\"url\":\"https:\\\/\\\/cc-sud.eu\\\/pt\\\/informacao-juridica\\\/\",\"name\":\"Informa\u00e7\u00e3o jur\u00eddica - CC Sud\",\"isPartOf\":{\"@id\":\"https:\\\/\\\/cc-sud.eu\\\/pt\\\/#website\"},\"datePublished\":\"2024-02-01T14:34:36+00:00\",\"dateModified\":\"2024-06-26T14:23:32+00:00\",\"breadcrumb\":{\"@id\":\"https:\\\/\\\/cc-sud.eu\\\/pt\\\/informacao-juridica\\\/#breadcrumb\"},\"inLanguage\":\"pt-PT\",\"potentialAction\":[{\"@type\":\"ReadAction\",\"target\":[\"https:\\\/\\\/cc-sud.eu\\\/pt\\\/informacao-juridica\\\/\"]}]},{\"@type\":\"BreadcrumbList\",\"@id\":\"https:\\\/\\\/cc-sud.eu\\\/pt\\\/informacao-juridica\\\/#breadcrumb\",\"itemListElement\":[{\"@type\":\"ListItem\",\"position\":1,\"name\":\"CC Sud\",\"item\":\"https:\\\/\\\/cc-sud.eu\\\/pt\\\/\"},{\"@type\":\"ListItem\",\"position\":2,\"name\":\"Informa\u00e7\u00e3o jur\u00eddica\"}]},{\"@type\":\"WebSite\",\"@id\":\"https:\\\/\\\/cc-sud.eu\\\/pt\\\/#website\",\"url\":\"https:\\\/\\\/cc-sud.eu\\\/pt\\\/\",\"name\":\"CC Sud\",\"description\":\"\",\"publisher\":{\"@id\":\"https:\\\/\\\/cc-sud.eu\\\/pt\\\/#organization\"},\"potentialAction\":[{\"@type\":\"SearchAction\",\"target\":{\"@type\":\"EntryPoint\",\"urlTemplate\":\"https:\\\/\\\/cc-sud.eu\\\/pt\\\/?s={search_term_string}\"},\"query-input\":{\"@type\":\"PropertyValueSpecification\",\"valueRequired\":true,\"valueName\":\"search_term_string\"}}],\"inLanguage\":\"pt-PT\"},{\"@type\":\"Organization\",\"@id\":\"https:\\\/\\\/cc-sud.eu\\\/pt\\\/#organization\",\"name\":\"CC Sud\",\"url\":\"https:\\\/\\\/cc-sud.eu\\\/pt\\\/\",\"logo\":{\"@type\":\"ImageObject\",\"inLanguage\":\"pt-PT\",\"@id\":\"https:\\\/\\\/cc-sud.eu\\\/pt\\\/#\\\/schema\\\/logo\\\/image\\\/\",\"url\":\"https:\\\/\\\/cc-sud.eu\\\/wp-content\\\/uploads\\\/2024\\\/02\\\/logo.svg\",\"contentUrl\":\"https:\\\/\\\/cc-sud.eu\\\/wp-content\\\/uploads\\\/2024\\\/02\\\/logo.svg\",\"width\":198,\"height\":60,\"caption\":\"CC Sud\"},\"image\":{\"@id\":\"https:\\\/\\\/cc-sud.eu\\\/pt\\\/#\\\/schema\\\/logo\\\/image\\\/\"}}]}<\/script>\n<!-- \/ Yoast SEO plugin. -->","yoast_head_json":{"title":"Informa\u00e7\u00e3o jur\u00eddica - CC Sud","robots":{"index":"noindex","follow":"follow"},"og_locale":"pt_PT","og_type":"article","og_title":"Informa\u00e7\u00e3o jur\u00eddica - CC Sud","og_description":"O Conselho Consultivo para as \u00e1guas ocidentais austrais (CCS, s&hellip;","og_url":"https:\/\/cc-sud.eu\/pt\/informacao-juridica\/","og_site_name":"CC Sud","article_modified_time":"2024-06-26T14:23:32+00:00","twitter_card":"summary_large_image","twitter_misc":{"Tempo estimado de leitura":"4 minutos"},"schema":{"@context":"https:\/\/schema.org","@graph":[{"@type":"WebPage","@id":"https:\/\/cc-sud.eu\/pt\/informacao-juridica\/","url":"https:\/\/cc-sud.eu\/pt\/informacao-juridica\/","name":"Informa\u00e7\u00e3o jur\u00eddica - CC Sud","isPartOf":{"@id":"https:\/\/cc-sud.eu\/pt\/#website"},"datePublished":"2024-02-01T14:34:36+00:00","dateModified":"2024-06-26T14:23:32+00:00","breadcrumb":{"@id":"https:\/\/cc-sud.eu\/pt\/informacao-juridica\/#breadcrumb"},"inLanguage":"pt-PT","potentialAction":[{"@type":"ReadAction","target":["https:\/\/cc-sud.eu\/pt\/informacao-juridica\/"]}]},{"@type":"BreadcrumbList","@id":"https:\/\/cc-sud.eu\/pt\/informacao-juridica\/#breadcrumb","itemListElement":[{"@type":"ListItem","position":1,"name":"CC Sud","item":"https:\/\/cc-sud.eu\/pt\/"},{"@type":"ListItem","position":2,"name":"Informa\u00e7\u00e3o jur\u00eddica"}]},{"@type":"WebSite","@id":"https:\/\/cc-sud.eu\/pt\/#website","url":"https:\/\/cc-sud.eu\/pt\/","name":"CC Sud","description":"","publisher":{"@id":"https:\/\/cc-sud.eu\/pt\/#organization"},"potentialAction":[{"@type":"SearchAction","target":{"@type":"EntryPoint","urlTemplate":"https:\/\/cc-sud.eu\/pt\/?s={search_term_string}"},"query-input":{"@type":"PropertyValueSpecification","valueRequired":true,"valueName":"search_term_string"}}],"inLanguage":"pt-PT"},{"@type":"Organization","@id":"https:\/\/cc-sud.eu\/pt\/#organization","name":"CC Sud","url":"https:\/\/cc-sud.eu\/pt\/","logo":{"@type":"ImageObject","inLanguage":"pt-PT","@id":"https:\/\/cc-sud.eu\/pt\/#\/schema\/logo\/image\/","url":"https:\/\/cc-sud.eu\/wp-content\/uploads\/2024\/02\/logo.svg","contentUrl":"https:\/\/cc-sud.eu\/wp-content\/uploads\/2024\/02\/logo.svg","width":198,"height":60,"caption":"CC Sud"},"image":{"@id":"https:\/\/cc-sud.eu\/pt\/#\/schema\/logo\/image\/"}}]}},"_links":{"self":[{"href":"https:\/\/cc-sud.eu\/pt\/wp-json\/wp\/v2\/pages\/20106","targetHints":{"allow":["GET"]}}],"collection":[{"href":"https:\/\/cc-sud.eu\/pt\/wp-json\/wp\/v2\/pages"}],"about":[{"href":"https:\/\/cc-sud.eu\/pt\/wp-json\/wp\/v2\/types\/page"}],"author":[{"embeddable":true,"href":"https:\/\/cc-sud.eu\/pt\/wp-json\/wp\/v2\/users\/1"}],"replies":[{"embeddable":true,"href":"https:\/\/cc-sud.eu\/pt\/wp-json\/wp\/v2\/comments?post=20106"}],"version-history":[{"count":2,"href":"https:\/\/cc-sud.eu\/pt\/wp-json\/wp\/v2\/pages\/20106\/revisions"}],"predecessor-version":[{"id":20341,"href":"https:\/\/cc-sud.eu\/pt\/wp-json\/wp\/v2\/pages\/20106\/revisions\/20341"}],"wp:attachment":[{"href":"https:\/\/cc-sud.eu\/pt\/wp-json\/wp\/v2\/media?parent=20106"}],"curies":[{"name":"wp","href":"https:\/\/api.w.org\/{rel}","templated":true}]}}