{"id":20349,"date":"2024-02-01T15:13:25","date_gmt":"2024-02-01T14:13:25","guid":{"rendered":"https:\/\/cc-sud.eu\/politica-de-privacidade\/"},"modified":"2024-06-27T09:44:17","modified_gmt":"2024-06-27T07:44:17","slug":"politica-de-privacidade","status":"publish","type":"page","link":"https:\/\/cc-sud.eu\/pt\/politica-de-privacidade\/","title":{"rendered":"Pol\u00edtica de privacidade"},"content":{"rendered":"\t\t<div data-elementor-type=\"wp-page\" data-elementor-id=\"20349\" class=\"elementor elementor-20349 elementor-3\" data-elementor-post-type=\"page\">\n\t\t\t\t<div class=\"elementor-element elementor-element-4a4dc147 e-flex e-con-boxed e-con e-parent\" data-id=\"4a4dc147\" data-element_type=\"container\" data-e-type=\"container\">\n\t\t\t\t\t<div class=\"e-con-inner\">\n\t\t\t\t<div class=\"elementor-element elementor-element-3e6da9f9 elementor-widget elementor-widget-heading\" data-id=\"3e6da9f9\" data-element_type=\"widget\" data-e-type=\"widget\" data-widget_type=\"heading.default\">\n\t\t\t\t<div class=\"elementor-widget-container\">\n\t\t\t\t\t<h2 class=\"elementor-heading-title elementor-size-default\">Protec\u00e7\u00e3o de dados pessoais <\/h2>\t\t\t\t<\/div>\n\t\t\t\t<\/div>\n\t\t\t\t<div class=\"elementor-element elementor-element-3cdca442 elementor-widget elementor-widget-text-editor\" data-id=\"3cdca442\" data-element_type=\"widget\" data-e-type=\"widget\" data-widget_type=\"text-editor.default\">\n\t\t\t\t<div class=\"elementor-widget-container\">\n\t\t\t\t\t\t\t\t\t<p>Como consideramos essencial a prote\u00e7\u00e3o dos seus dados pessoais, gostar\u00edamos de o informar, atrav\u00e9s da presente pol\u00edtica de confidencialidade, sobre a forma como recolhemos e tratamos esses dados.<\/p>\n<p>A presente pol\u00edtica de confidencialidade define e informa-o da forma como utilizamos e protegemos as informa\u00e7\u00f5es que nos pode transmitir quando utiliza este s\u00edtio acess\u00edvel a partir do seguinte URL: <strong><a href=\"https:\/\/cc-sud.eu\">https:\/\/cc-sud.eu<\/a><\/strong> (a seguir designado por &#8220;S\u00edtio&#8221;).<\/p>\n<p>Note-se que a presente pol\u00edtica de confidencialidade pode ser alterada ou completada em qualquer altura, nomeadamente para se adaptar a eventuais altera\u00e7\u00f5es legislativas, regulamentares, jurisprudenciais ou tecnol\u00f3gicas.<\/p>\n<p>Nesse caso, a data da atualiza\u00e7\u00e3o ser\u00e1 claramente identificada na parte inferior da presente pol\u00edtica. Estas altera\u00e7\u00f5es s\u00e3o vinculativas para o utilizador a partir do momento em que s\u00e3o colocadas em linha. Por conseguinte, \u00e9 aconselh\u00e1vel que o utilizador consulte regularmente a presente pol\u00edtica de confidencialidade e de utiliza\u00e7\u00e3o de cookies para ter conhecimento de quaisquer altera\u00e7\u00f5es. <\/p>\t\t\t\t\t\t\t\t<\/div>\n\t\t\t\t<\/div>\n\t\t\t\t\t<\/div>\n\t\t\t\t<\/div>\n\t\t<div class=\"elementor-element elementor-element-27b3a7fe e-flex e-con-boxed e-con e-parent\" data-id=\"27b3a7fe\" data-element_type=\"container\" data-e-type=\"container\" data-settings=\"{&quot;background_background&quot;:&quot;classic&quot;}\">\n\t\t\t\t\t<div class=\"e-con-inner\">\n\t\t<div class=\"elementor-element elementor-element-2b091b9e e-con-full e-flex e-con e-child\" data-id=\"2b091b9e\" data-element_type=\"container\" data-e-type=\"container\">\n\t\t\t\t<div class=\"elementor-element elementor-element-1e525d19 elementor-widget elementor-widget-heading\" data-id=\"1e525d19\" data-element_type=\"widget\" data-e-type=\"widget\" data-widget_type=\"heading.default\">\n\t\t\t\t<div class=\"elementor-widget-container\">\n\t\t\t\t\t<h3 class=\"elementor-heading-title elementor-size-default\">I. Informa\u00e7\u00f5es pessoais recolhidas<\/h3>\t\t\t\t<\/div>\n\t\t\t\t<\/div>\n\t\t\t\t<div class=\"elementor-element elementor-element-714065a6 elementor-widget elementor-widget-text-editor\" data-id=\"714065a6\" data-element_type=\"widget\" data-e-type=\"widget\" data-widget_type=\"text-editor.default\">\n\t\t\t\t<div class=\"elementor-widget-container\">\n\t\t\t\t\t\t\t\t\t<p>Em geral, o utilizador pode visitar o S\u00edtio sem fornecer quaisquer informa\u00e7\u00f5es pessoais sobre si. Em qualquer caso, o utilizador n\u00e3o tem qualquer obriga\u00e7\u00e3o de nos fornecer essas informa\u00e7\u00f5es. No entanto, se o utilizador recusar, poder\u00e1 n\u00e3o poder beneficiar de determinadas informa\u00e7\u00f5es ou servi\u00e7os que tenha solicitado.<br>Em alguns casos, podemos pedir-lhe que nos forne\u00e7a as seguintes informa\u00e7\u00f5es (a seguir designadas por &#8220;Informa\u00e7\u00f5es Pessoais&#8221;)<\/p>\n<ul>\n<li>nome pr\u00f3prio e apelido do contacto ;<\/li>\n<li>endere\u00e7o de correio eletr\u00f3nico (e-mail)<\/li>\n<li>n\u00famero de telefone;<\/li>\n<\/ul>\n<p>Ao fornecer estas informa\u00e7\u00f5es, o utilizador aceita expressamente que as mesmas sejam tratadas para os fins indicados no ponto 2 e para os fins indicados no final de cada formul\u00e1rio.<\/p>\n<p>Em conformidade com o Regulamento Geral sobre a Prote\u00e7\u00e3o de Dados, adotado pelo Parlamento Europeu em 14 de abril de 2016, e com a Lei Francesa de Prote\u00e7\u00e3o de Dados, de 6 de janeiro de 1978, alterada, informamo-lo do seguinte:<\/p>\t\t\t\t\t\t\t\t<\/div>\n\t\t\t\t<\/div>\n\t\t\t\t<\/div>\n\t\t\t\t\t<\/div>\n\t\t\t\t<\/div>\n\t\t<div class=\"elementor-element elementor-element-3e9e52f3 e-flex e-con-boxed e-con e-parent\" data-id=\"3e9e52f3\" data-element_type=\"container\" data-e-type=\"container\">\n\t\t\t\t\t<div class=\"e-con-inner\">\n\t\t\t\t<div class=\"elementor-element elementor-element-1e7d58a8 elementor-widget elementor-widget-heading\" data-id=\"1e7d58a8\" data-element_type=\"widget\" data-e-type=\"widget\" data-widget_type=\"heading.default\">\n\t\t\t\t<div class=\"elementor-widget-container\">\n\t\t\t\t\t<h4 class=\"elementor-heading-title elementor-size-default\">1. Identidade do respons\u00e1vel pelo tratamento de dados<\/h4>\t\t\t\t<\/div>\n\t\t\t\t<\/div>\n\t\t\t\t<div class=\"elementor-element elementor-element-12143b22 elementor-widget elementor-widget-text-editor\" data-id=\"12143b22\" data-element_type=\"widget\" data-e-type=\"widget\" data-widget_type=\"text-editor.default\">\n\t\t\t\t<div class=\"elementor-widget-container\">\n\t\t\t\t\t\t\t\t\t<p>O respons\u00e1vel pelo tratamento dos dados \u00e9 <strong>Aur\u00e9lie DRILLET. <\/strong> <\/p>\n\t\t\t\t\t\t\t\t<\/div>\n\t\t\t\t<\/div>\n\t\t\t\t<div class=\"elementor-element elementor-element-f8361ab elementor-widget elementor-widget-heading\" data-id=\"f8361ab\" data-element_type=\"widget\" data-e-type=\"widget\" data-widget_type=\"heading.default\">\n\t\t\t\t<div class=\"elementor-widget-container\">\n\t\t\t\t\t<h4 class=\"elementor-heading-title elementor-size-default\">2. Objectivos do tratamento<\/h4>\t\t\t\t<\/div>\n\t\t\t\t<\/div>\n\t\t\t\t<div class=\"elementor-element elementor-element-f0902c4 elementor-widget elementor-widget-text-editor\" data-id=\"f0902c4\" data-element_type=\"widget\" data-e-type=\"widget\" data-widget_type=\"text-editor.default\">\n\t\t\t\t<div class=\"elementor-widget-container\">\n\t\t\t\t\t\t\t\t\t<p>\u00c9 prov\u00e1vel que tratemos as suas informa\u00e7\u00f5es pessoais<\/p>\n<ul>\n<li>para lhe fornecer as informa\u00e7\u00f5es ou servi\u00e7os que pediu para receber (pedido de informa\u00e7\u00f5es sobre um produto ou servi\u00e7o no nosso Site ou envio das nossas newsletters ap\u00f3s registo da sua parte); e\/ou<\/li>\n<li>para recolher informa\u00e7\u00f5es que nos permitam melhorar o nosso S\u00edtio, os nossos produtos e os nossos servi\u00e7os (nomeadamente atrav\u00e9s de cookies); e\/ou<\/li>\n<li>para podermos contact\u00e1-lo sobre quaisquer eventos relacionados com a nossa atividade, incluindo, nomeadamente, a atualiza\u00e7\u00e3o dos servi\u00e7os e o apoio ao cliente.<\/li>\n<\/ul>\t\t\t\t\t\t\t\t<\/div>\n\t\t\t\t<\/div>\n\t\t\t\t<div class=\"elementor-element elementor-element-11fbc0a elementor-widget elementor-widget-heading\" data-id=\"11fbc0a\" data-element_type=\"widget\" data-e-type=\"widget\" data-widget_type=\"heading.default\">\n\t\t\t\t<div class=\"elementor-widget-container\">\n\t\t\t\t\t<h4 class=\"elementor-heading-title elementor-size-default\">3. Destinat\u00e1rios<\/h4>\t\t\t\t<\/div>\n\t\t\t\t<\/div>\n\t\t\t\t<div class=\"elementor-element elementor-element-7df2f35 elementor-widget elementor-widget-text-editor\" data-id=\"7df2f35\" data-element_type=\"widget\" data-e-type=\"widget\" data-widget_type=\"text-editor.default\">\n\t\t\t\t<div class=\"elementor-widget-container\">\n\t\t\t\t\t\t\t\t\t<p>Somos o \u00fanico destinat\u00e1rio das suas informa\u00e7\u00f5es pessoais. Estas informa\u00e7\u00f5es, quer de forma individual quer agregada, nunca s\u00e3o transmitidas a terceiros, independentemente dos subcontratantes a que recorremos. Em nenhuma circunst\u00e2ncia a nossa empresa comercializa os dados pessoais dos visitantes e Utilizadores do seu Site.<\/p>\n\t\t\t\t\t\t\t\t<\/div>\n\t\t\t\t<\/div>\n\t\t\t\t<div class=\"elementor-element elementor-element-6ba93c1 elementor-widget elementor-widget-heading\" data-id=\"6ba93c1\" data-element_type=\"widget\" data-e-type=\"widget\" data-widget_type=\"heading.default\">\n\t\t\t\t<div class=\"elementor-widget-container\">\n\t\t\t\t\t<h4 class=\"elementor-heading-title elementor-size-default\">4. Per\u00edodo de conserva\u00e7\u00e3o<\/h4>\t\t\t\t<\/div>\n\t\t\t\t<\/div>\n\t\t\t\t<div class=\"elementor-element elementor-element-473b4aa elementor-widget elementor-widget-text-editor\" data-id=\"473b4aa\" data-element_type=\"widget\" data-e-type=\"widget\" data-widget_type=\"text-editor.default\">\n\t\t\t\t<div class=\"elementor-widget-container\">\n\t\t\t\t\t\t\t\t\t<p>Os seus Dados Pessoais s\u00e3o conservados pela nossa empresa apenas durante o per\u00edodo correspondente \u00e0 finalidade da recolha, tal como indicado no ponto 2 supra, que, em qualquer caso, n\u00e3o pode exceder 24 meses.<\/p>\n\t\t\t\t\t\t\t\t<\/div>\n\t\t\t\t<\/div>\n\t\t\t\t<div class=\"elementor-element elementor-element-4869da0 elementor-widget elementor-widget-heading\" data-id=\"4869da0\" data-element_type=\"widget\" data-e-type=\"widget\" data-widget_type=\"heading.default\">\n\t\t\t\t<div class=\"elementor-widget-container\">\n\t\t\t\t\t<h4 class=\"elementor-heading-title elementor-size-default\">5. Direitos de prote\u00e7\u00e3o de dados<\/h4>\t\t\t\t<\/div>\n\t\t\t\t<\/div>\n\t\t\t\t<div class=\"elementor-element elementor-element-38f06fe elementor-widget elementor-widget-text-editor\" data-id=\"38f06fe\" data-element_type=\"widget\" data-e-type=\"widget\" data-widget_type=\"text-editor.default\">\n\t\t\t\t<div class=\"elementor-widget-container\">\n\t\t\t\t\t\t\t\t\t<p>O utilizador tem os seguintes direitos relativamente \u00e0s suas Informa\u00e7\u00f5es Pessoais, que pode exercer escrevendo-nos para o nosso endere\u00e7o de correio eletr\u00f3nico ou para o nosso endere\u00e7o postal (ver a p\u00e1gina de Informa\u00e7\u00f5es Legais do nosso S\u00edtio) ou utilizando o formul\u00e1rio de contacto no nosso S\u00edtio.<\/p>\n\t\t\t\t\t\t\t\t<\/div>\n\t\t\t\t<\/div>\n\t\t\t\t\t<\/div>\n\t\t\t\t<\/div>\n\t\t<div class=\"elementor-element elementor-element-0b53f30 e-flex e-con-boxed e-con e-parent\" data-id=\"0b53f30\" data-element_type=\"container\" data-e-type=\"container\" data-settings=\"{&quot;background_background&quot;:&quot;classic&quot;}\">\n\t\t\t\t\t<div class=\"e-con-inner\">\n\t\t<div class=\"elementor-element elementor-element-1664f9c e-con-full e-flex e-con e-child\" data-id=\"1664f9c\" data-element_type=\"container\" data-e-type=\"container\">\n\t\t\t\t<div class=\"elementor-element elementor-element-db22598 elementor-widget elementor-widget-heading\" data-id=\"db22598\" data-element_type=\"widget\" data-e-type=\"widget\" data-widget_type=\"heading.default\">\n\t\t\t\t<div class=\"elementor-widget-container\">\n\t\t\t\t\t<h3 class=\"elementor-heading-title elementor-size-default\">II. Direito de acesso e comunica\u00e7\u00e3o de dados<\/h3>\t\t\t\t<\/div>\n\t\t\t\t<\/div>\n\t\t\t\t<div class=\"elementor-element elementor-element-a886d2c elementor-widget elementor-widget-text-editor\" data-id=\"a886d2c\" data-element_type=\"widget\" data-e-type=\"widget\" data-widget_type=\"text-editor.default\">\n\t\t\t\t<div class=\"elementor-widget-container\">\n\t\t\t\t\t\t\t\t\t<p>O utilizador tem o direito de aceder \u00e0s suas informa\u00e7\u00f5es pessoais. No entanto, tendo em conta a nossa obriga\u00e7\u00e3o de seguran\u00e7a e confidencialidade no tratamento de dados pessoais, informamos que o seu pedido ser\u00e1 processado desde que possa provar a sua identidade, nomeadamente atrav\u00e9s da apresenta\u00e7\u00e3o de uma digitaliza\u00e7\u00e3o do seu documento de identidade v\u00e1lido (no caso de um pedido atrav\u00e9s do nosso formul\u00e1rio eletr\u00f3nico espec\u00edfico) ou de uma fotoc\u00f3pia assinada do seu documento de identidade v\u00e1lido (no caso de um pedido enviado por escrito).<\/p>\n<p>Poderemos, se for caso disso, opor-nos a pedidos manifestamente abusivos (pelo seu n\u00famero, car\u00e1cter repetitivo ou sistem\u00e1tico). Para o ajudar na sua abordagem, nomeadamente se pretender exercer o seu direito de acesso enviando um pedido por escrito para o endere\u00e7o postal mencionado no ponto 1, encontrar\u00e1, clicando na liga\u00e7\u00e3o seguinte, um modelo de carta elaborado pela CNIL.<\/p>\t\t\t\t\t\t\t\t<\/div>\n\t\t\t\t<\/div>\n\t\t\t\t<\/div>\n\t\t\t\t\t<\/div>\n\t\t\t\t<\/div>\n\t\t<div class=\"elementor-element elementor-element-69bf1e9d en-avant e-flex e-con-boxed e-con e-parent\" data-id=\"69bf1e9d\" data-element_type=\"container\" data-e-type=\"container\">\n\t\t\t\t\t<div class=\"e-con-inner\">\n\t\t<div class=\"elementor-element elementor-element-5005922f e-flex e-con-boxed e-con e-child\" data-id=\"5005922f\" data-element_type=\"container\" data-e-type=\"container\" data-settings=\"{&quot;background_background&quot;:&quot;classic&quot;}\">\n\t\t\t\t\t<div class=\"e-con-inner\">\n\t\t\t\t<div class=\"elementor-element elementor-element-4268947 elementor-widget elementor-widget-text-editor\" data-id=\"4268947\" data-element_type=\"widget\" data-e-type=\"widget\" data-widget_type=\"text-editor.default\">\n\t\t\t\t<div class=\"elementor-widget-container\">\n\t\t\t\t\t\t\t\t\t<p><span style=\"text-decoration: underline;\"><strong><a href=\"https:\/\/www.cnil.fr\/fr\/modele\/courrier\/exercer-son-droit-dacces\">https:\/\/www.cnil.fr\/fr\/modele\/courrier\/exercer-son-droit-dacces<\/a><\/strong><\/span><\/p>\n\t\t\t\t\t\t\t\t<\/div>\n\t\t\t\t<\/div>\n\t\t\t\t\t<\/div>\n\t\t\t\t<\/div>\n\t\t\t\t\t<\/div>\n\t\t\t\t<\/div>\n\t\t<div class=\"elementor-element elementor-element-b6a64b1 e-flex e-con-boxed e-con e-parent\" data-id=\"b6a64b1\" data-element_type=\"container\" data-e-type=\"container\">\n\t\t\t\t\t<div class=\"e-con-inner\">\n\t\t\t\t<div class=\"elementor-element elementor-element-13f3760 elementor-widget elementor-widget-heading\" data-id=\"13f3760\" data-element_type=\"widget\" data-e-type=\"widget\" data-widget_type=\"heading.default\">\n\t\t\t\t<div class=\"elementor-widget-container\">\n\t\t\t\t\t<h3 class=\"elementor-heading-title elementor-size-default\">III. Direito de retifica\u00e7\u00e3o dos dados<\/h3>\t\t\t\t<\/div>\n\t\t\t\t<\/div>\n\t\t\t\t<div class=\"elementor-element elementor-element-938fde6 elementor-widget elementor-widget-text-editor\" data-id=\"938fde6\" data-element_type=\"widget\" data-e-type=\"widget\" data-widget_type=\"text-editor.default\">\n\t\t\t\t<div class=\"elementor-widget-container\">\n\t\t\t\t\t\t\t\t\t<p>Ao abrigo deste direito, o utilizador tem o direito, por lei, de solicitar a retifica\u00e7\u00e3o, atualiza\u00e7\u00e3o, bloqueio ou supress\u00e3o de quaisquer dados que lhe digam respeito que possam ser inexactos, incorrectos, incompletos ou obsoletos.<\/p>\n<p>Para o efeito, o utilizador deve enviar :<\/p>\n<ul>\n<li>um e-mail (cf. e-mail na p\u00e1gina &#8220;Aviso legal&#8221; do nosso s\u00edtio)<\/li>\n<li>ou por correio (cf. endere\u00e7o na p\u00e1gina &#8220;Aviso legal&#8221; do nosso s\u00edtio)<\/li>\n<li>ou utilizando o formul\u00e1rio de contacto do nosso S\u00edtio.<\/li>\n<\/ul>\n<p>indicando o seu nome ou o nome da sua empresa, os seus dados de contacto f\u00edsicos e\/ou electr\u00f3nicos, bem como qualquer refer\u00eancia que possa ter como membro do S\u00edtio.<\/p>\n<p>A altera\u00e7\u00e3o ser\u00e1 efectuada num prazo razo\u00e1vel a partir da rece\u00e7\u00e3o do pedido do utilizador.<\/p>\n<p>O utilizador pode igualmente definir directivas gerais e espec\u00edficas relativas ao destino dos dados pessoais ap\u00f3s a sua morte. Se for caso disso, os herdeiros de uma pessoa falecida podem solicitar que a morte do seu familiar seja tida em conta e\/ou que sejam efectuadas as actualiza\u00e7\u00f5es necess\u00e1rias.<\/p>\n<p>Para o ajudar neste processo e, em particular, se pretender exercer o seu direito de retifica\u00e7\u00e3o em seu nome ou em nome de um familiar falecido, envie um pedido por escrito para o endere\u00e7o postal indicado no aviso legal do s\u00edtio, clicando na seguinte liga\u00e7\u00e3o: encontrar\u00e1 um modelo de carta elaborado pela CNIL.<\/p>\t\t\t\t\t\t\t\t<\/div>\n\t\t\t\t<\/div>\n\t\t\t\t\t<\/div>\n\t\t\t\t<\/div>\n\t\t<div class=\"elementor-element elementor-element-49095a9 en-avant e-flex e-con-boxed e-con e-parent\" data-id=\"49095a9\" data-element_type=\"container\" data-e-type=\"container\">\n\t\t\t\t\t<div class=\"e-con-inner\">\n\t\t<div class=\"elementor-element elementor-element-4dff5a1 e-flex e-con-boxed e-con e-child\" data-id=\"4dff5a1\" data-element_type=\"container\" data-e-type=\"container\" data-settings=\"{&quot;background_background&quot;:&quot;classic&quot;}\">\n\t\t\t\t\t<div class=\"e-con-inner\">\n\t\t\t\t<div class=\"elementor-element elementor-element-714472e elementor-widget elementor-widget-text-editor\" data-id=\"714472e\" data-element_type=\"widget\" data-e-type=\"widget\" data-widget_type=\"text-editor.default\">\n\t\t\t\t<div class=\"elementor-widget-container\">\n\t\t\t\t\t\t\t\t\t<p><a href=\"https:\/\/www.cnil.fr\/fr\/modele\/courrier\/rectifier-des-donnees-incompletes\"><span style=\"text-decoration: underline;\"><strong>https:\/\/www.cnil.fr\/fr\/modele\/courrier\/rectifier-des-donnees-incompletes<\/strong><\/span><\/a><\/p>\n<p><span style=\"text-decoration: underline;\"><strong><a href=\"https:\/\/www.cnil.fr\/fr\/modele\/courrier\/rectifier-des-donnees-inexactes\">https:\/\/www.cnil.fr\/fr\/modele\/courrier\/rectifier-des-donnees-inexactes<\/a><\/strong><\/span><\/p>\t\t\t\t\t\t\t\t<\/div>\n\t\t\t\t<\/div>\n\t\t\t\t\t<\/div>\n\t\t\t\t<\/div>\n\t\t\t\t\t<\/div>\n\t\t\t\t<\/div>\n\t\t<div class=\"elementor-element elementor-element-10a7f50 e-flex e-con-boxed e-con e-parent\" data-id=\"10a7f50\" data-element_type=\"container\" data-e-type=\"container\" data-settings=\"{&quot;background_background&quot;:&quot;classic&quot;}\">\n\t\t\t\t\t<div class=\"e-con-inner\">\n\t\t<div class=\"elementor-element elementor-element-f92d7a0 e-con-full e-flex e-con e-child\" data-id=\"f92d7a0\" data-element_type=\"container\" data-e-type=\"container\">\n\t\t\t\t<div class=\"elementor-element elementor-element-af6d528 elementor-widget elementor-widget-heading\" data-id=\"af6d528\" data-element_type=\"widget\" data-e-type=\"widget\" data-widget_type=\"heading.default\">\n\t\t\t\t<div class=\"elementor-widget-container\">\n\t\t\t\t\t<h3 class=\"elementor-heading-title elementor-size-default\">IV. Direito de oposi\u00e7\u00e3o<\/h3>\t\t\t\t<\/div>\n\t\t\t\t<\/div>\n\t\t\t\t<div class=\"elementor-element elementor-element-5229160 elementor-widget elementor-widget-text-editor\" data-id=\"5229160\" data-element_type=\"widget\" data-e-type=\"widget\" data-widget_type=\"text-editor.default\">\n\t\t\t\t<div class=\"elementor-widget-container\">\n\t\t\t\t\t\t\t\t\t<p>Este direito s\u00f3 pode ser exercido numa das duas situa\u00e7\u00f5es seguintes:<\/p>\n<ul>\n<li>Quando o exerc\u00edcio deste direito se baseia em motivos leg\u00edtimos;<\/li>\n<li>Quando o exerc\u00edcio deste direito tem por objetivo impedir que os dados recolhidos sejam utilizados para fins de prospe\u00e7\u00e3o comercial. Para o ajudar na sua abordagem, nomeadamente se desejar exercer o seu direito de oposi\u00e7\u00e3o atrav\u00e9s de um pedido escrito enviado para o endere\u00e7o postal indicado no aviso legal do S\u00edtio, encontrar\u00e1 um modelo de carta elaborado pela CNIL clicando na seguinte liga\u00e7\u00e3o.<\/li>\n<\/ul>\t\t\t\t\t\t\t\t<\/div>\n\t\t\t\t<\/div>\n\t\t\t\t<\/div>\n\t\t\t\t\t<\/div>\n\t\t\t\t<\/div>\n\t\t<div class=\"elementor-element elementor-element-132157c en-avant e-flex e-con-boxed e-con e-parent\" data-id=\"132157c\" data-element_type=\"container\" data-e-type=\"container\">\n\t\t\t\t\t<div class=\"e-con-inner\">\n\t\t<div class=\"elementor-element elementor-element-c38bf1e e-flex e-con-boxed e-con e-child\" data-id=\"c38bf1e\" data-element_type=\"container\" data-e-type=\"container\" data-settings=\"{&quot;background_background&quot;:&quot;classic&quot;}\">\n\t\t\t\t\t<div class=\"e-con-inner\">\n\t\t\t\t<div class=\"elementor-element elementor-element-671daf6 elementor-widget elementor-widget-text-editor\" data-id=\"671daf6\" data-element_type=\"widget\" data-e-type=\"widget\" data-widget_type=\"text-editor.default\">\n\t\t\t\t<div class=\"elementor-widget-container\">\n\t\t\t\t\t\t\t\t\t<p><span style=\"text-decoration: underline;\"><strong><a href=\"https:\/\/www.cnil.fr\/fr\/modele\/courrier\/supprimer-des-informations-vous-concernant-dun-site-internet\">https:\/\/www.cnil.fr\/fr\/modele\/courrier\/supprimer-des-informations-vous-concernant-dun-site-internet<\/a><\/strong><\/span><\/p>\n\t\t\t\t\t\t\t\t<\/div>\n\t\t\t\t<\/div>\n\t\t\t\t\t<\/div>\n\t\t\t\t<\/div>\n\t\t\t\t\t<\/div>\n\t\t\t\t<\/div>\n\t\t<div class=\"elementor-element elementor-element-0f7f23c e-flex e-con-boxed e-con e-parent\" data-id=\"0f7f23c\" data-element_type=\"container\" data-e-type=\"container\">\n\t\t\t\t\t<div class=\"e-con-inner\">\n\t\t\t\t<div class=\"elementor-element elementor-element-704635c elementor-widget elementor-widget-heading\" data-id=\"704635c\" data-element_type=\"widget\" data-e-type=\"widget\" data-widget_type=\"heading.default\">\n\t\t\t\t<div class=\"elementor-widget-container\">\n\t\t\t\t\t<h3 class=\"elementor-heading-title elementor-size-default\">V. Prazos de resposta<\/h3>\t\t\t\t<\/div>\n\t\t\t\t<\/div>\n\t\t\t\t<div class=\"elementor-element elementor-element-85a051f elementor-widget elementor-widget-text-editor\" data-id=\"85a051f\" data-element_type=\"widget\" data-e-type=\"widget\" data-widget_type=\"text-editor.default\">\n\t\t\t\t<div class=\"elementor-widget-container\">\n\t\t\t\t\t\t\t\t\t<p>Comprometemo-nos a responder ao seu pedido de acesso, retifica\u00e7\u00e3o ou oposi\u00e7\u00e3o ou a qualquer outro pedido adicional de informa\u00e7\u00e3o num prazo razo\u00e1vel.<\/p>\n\t\t\t\t\t\t\t\t<\/div>\n\t\t\t\t<\/div>\n\t\t\t\t\t<\/div>\n\t\t\t\t<\/div>\n\t\t<div class=\"elementor-element elementor-element-f2149d6 e-flex e-con-boxed e-con e-parent\" data-id=\"f2149d6\" data-element_type=\"container\" data-e-type=\"container\" data-settings=\"{&quot;background_background&quot;:&quot;classic&quot;}\">\n\t\t\t\t\t<div class=\"e-con-inner\">\n\t\t<div class=\"elementor-element elementor-element-4fcd4f6 e-con-full e-flex e-con e-child\" data-id=\"4fcd4f6\" data-element_type=\"container\" data-e-type=\"container\">\n\t\t\t\t<div class=\"elementor-element elementor-element-67c77fb elementor-widget elementor-widget-heading\" data-id=\"67c77fb\" data-element_type=\"widget\" data-e-type=\"widget\" data-widget_type=\"heading.default\">\n\t\t\t\t<div class=\"elementor-widget-container\">\n\t\t\t\t\t<h3 class=\"elementor-heading-title elementor-size-default\">VI. Prestadores de servi\u00e7os autorizados e transfer\u00eancia para um pa\u00eds fora da Uni\u00e3o Europeia<\/h3>\t\t\t\t<\/div>\n\t\t\t\t<\/div>\n\t\t\t\t<div class=\"elementor-element elementor-element-6038a09 elementor-widget elementor-widget-text-editor\" data-id=\"6038a09\" data-element_type=\"widget\" data-e-type=\"widget\" data-widget_type=\"text-editor.default\">\n\t\t\t\t<div class=\"elementor-widget-container\">\n\t\t\t\t\t\t\t\t\t<p>Informamo-lo de que recorremos a prestadores de servi\u00e7os autorizados para facilitar a recolha e o tratamento dos dados que nos comunicou.<\/p>\n<p>Estes prestadores de servi\u00e7os podem estar localizados fora da Uni\u00e3o Europeia e s\u00e3o respons\u00e1veis pela comunica\u00e7\u00e3o dos dados recolhidos atrav\u00e9s dos v\u00e1rios formul\u00e1rios do S\u00edtio (com exce\u00e7\u00e3o do formul\u00e1rio que lhe permite exercer os seus direitos em mat\u00e9ria de prote\u00e7\u00e3o de dados, que \u00e9 fornecido e utilizado exclusivamente por n\u00f3s).<\/p>\t\t\t\t\t\t\t\t<\/div>\n\t\t\t\t<\/div>\n\t\t\t\t<\/div>\n\t\t\t\t\t<\/div>\n\t\t\t\t<\/div>\n\t\t<div class=\"elementor-element elementor-element-7f5e68c e-flex e-con-boxed e-con e-parent\" data-id=\"7f5e68c\" data-element_type=\"container\" data-e-type=\"container\">\n\t\t\t\t\t<div class=\"e-con-inner\">\n\t\t\t\t<div class=\"elementor-element elementor-element-35c222f elementor-widget elementor-widget-heading\" data-id=\"35c222f\" data-element_type=\"widget\" data-e-type=\"widget\" data-widget_type=\"heading.default\">\n\t\t\t\t<div class=\"elementor-widget-container\">\n\t\t\t\t\t<h3 class=\"elementor-heading-title elementor-size-default\">VII. Queixas \u00e0 autoridade competente<\/h3>\t\t\t\t<\/div>\n\t\t\t\t<\/div>\n\t\t\t\t<div class=\"elementor-element elementor-element-ec30714 elementor-widget elementor-widget-text-editor\" data-id=\"ec30714\" data-element_type=\"widget\" data-e-type=\"widget\" data-widget_type=\"text-editor.default\">\n\t\t\t\t<div class=\"elementor-widget-container\">\n\t\t\t\t\t\t\t\t\t<p>Se considerar que o nosso s\u00edtio n\u00e3o est\u00e1 a cumprir as suas obriga\u00e7\u00f5es no que diz respeito \u00e0s suas informa\u00e7\u00f5es pessoais, pode apresentar uma queixa ou um pedido \u00e0 autoridade competente. Em Fran\u00e7a, a autoridade competente \u00e9 a CNIL, \u00e0 qual pode enviar um pedido por via eletr\u00f3nica, clicando na seguinte liga\u00e7\u00e3o: <strong><a href=\"https:\/\/www.cnil.fr\/fr\/plaintes\/internet\">https:\/\/www.cnil.fr\/fr\/plaintes\/internet<\/a><\/strong><\/p>\n<p>A menos que seja necess\u00e1rio um consentimento expresso ao abrigo das leis de prote\u00e7\u00e3o de dados do seu pa\u00eds, ao utilizar estes Materiais (conforme definido acima), o utilizador consente na nossa recolha e utiliza\u00e7\u00e3o dos seus dados pessoais conforme descrito na presente Pol\u00edtica e na transfer\u00eancia dos seus dados pessoais para pa\u00edses que n\u00e3o o seu (incluindo pa\u00edses fora da Uni\u00e3o Europeia).<\/p>\t\t\t\t\t\t\t\t<\/div>\n\t\t\t\t<\/div>\n\t\t\t\t\t<\/div>\n\t\t\t\t<\/div>\n\t\t<div class=\"elementor-element elementor-element-77bff08 e-flex e-con-boxed e-con e-parent\" data-id=\"77bff08\" data-element_type=\"container\" data-e-type=\"container\" data-settings=\"{&quot;background_background&quot;:&quot;classic&quot;}\">\n\t\t\t\t\t<div class=\"e-con-inner\">\n\t\t<div class=\"elementor-element elementor-element-ee87cdb e-con-full e-flex e-con e-child\" data-id=\"ee87cdb\" data-element_type=\"container\" data-e-type=\"container\">\n\t\t\t\t<div class=\"elementor-element elementor-element-03cfef3 elementor-widget elementor-widget-heading\" data-id=\"03cfef3\" data-element_type=\"widget\" data-e-type=\"widget\" data-widget_type=\"heading.default\">\n\t\t\t\t<div class=\"elementor-widget-container\">\n\t\t\t\t\t<h2 class=\"elementor-heading-title elementor-size-default\">Informa\u00e7\u00f5es sobre cookies<\/h2>\t\t\t\t<\/div>\n\t\t\t\t<\/div>\n\t\t\t\t<div class=\"elementor-element elementor-element-183b71e elementor-widget elementor-widget-text-editor\" data-id=\"183b71e\" data-element_type=\"widget\" data-e-type=\"widget\" data-widget_type=\"text-editor.default\">\n\t\t\t\t<div class=\"elementor-widget-container\">\n\t\t\t\t\t\t\t\t\t<p>Quando entrar pela primeira vez no nosso s\u00edtio Web, ser\u00e1 avisado por um banner no seu ecr\u00e3 de que as informa\u00e7\u00f5es relativas \u00e0 sua navega\u00e7\u00e3o podem ser registadas em ficheiros denominados &#8220;cookies&#8221;.<\/p>\n<p>A nossa pol\u00edtica de utiliza\u00e7\u00e3o de cookies permite-lhe compreender melhor as medidas que implement\u00e1mos para a navega\u00e7\u00e3o no nosso s\u00edtio Web. Em particular, informa-o sobre todos os cookies presentes no nosso s\u00edtio Web, a sua finalidade (parte I.) e d\u00e1-lhe instru\u00e7\u00f5es sobre a forma de os configurar (parte II.).<\/p>\t\t\t\t\t\t\t\t<\/div>\n\t\t\t\t<\/div>\n\t\t\t\t<\/div>\n\t\t\t\t\t<\/div>\n\t\t\t\t<\/div>\n\t\t<div class=\"elementor-element elementor-element-dc9beb7 e-flex e-con-boxed e-con e-parent\" data-id=\"dc9beb7\" data-element_type=\"container\" data-e-type=\"container\">\n\t\t\t\t\t<div class=\"e-con-inner\">\n\t\t\t\t<div class=\"elementor-element elementor-element-af7429b elementor-widget elementor-widget-heading\" data-id=\"af7429b\" data-element_type=\"widget\" data-e-type=\"widget\" data-widget_type=\"heading.default\">\n\t\t\t\t<div class=\"elementor-widget-container\">\n\t\t\t\t\t<h3 class=\"elementor-heading-title elementor-size-default\">I. Informa\u00e7\u00f5es gerais sobre os cookies<\/h3>\t\t\t\t<\/div>\n\t\t\t\t<\/div>\n\t\t\t\t<div class=\"elementor-element elementor-element-5188d44 elementor-widget elementor-widget-text-editor\" data-id=\"5188d44\" data-element_type=\"widget\" data-e-type=\"widget\" data-widget_type=\"text-editor.default\">\n\t\t\t\t<div class=\"elementor-widget-container\">\n\t\t\t\t\t\t\t\t\t<p>Na qualidade de editor deste s\u00edtio Web, podemos instalar um cookie no seu terminal (computador, tablet, telem\u00f3vel, etc.) para lhe garantir uma navega\u00e7\u00e3o fluida e optimizada no nosso s\u00edtio Web. Os &#8220;cookies&#8221; s\u00e3o pequenos ficheiros de texto de tamanho limitado que nos permitem reconhecer o seu computador, tablet ou telem\u00f3vel para personalizar os servi\u00e7os que lhe oferecemos.<\/p>\n<p>As informa\u00e7\u00f5es recolhidas atrav\u00e9s dos cookies n\u00e3o nos permitem de modo algum identific\u00e1-lo pelo nome. S\u00e3o utilizadas exclusivamente para os nossos pr\u00f3prios fins, para melhorar a interatividade e o desempenho do nosso s\u00edtio Web e para lhe enviar conte\u00fados adaptados aos seus interesses. Nenhuma destas informa\u00e7\u00f5es ser\u00e1 comunicada a terceiros, exceto se tivermos obtido o seu consentimento pr\u00e9vio ou se a divulga\u00e7\u00e3o de tais informa\u00e7\u00f5es for exigida por lei, ordem judicial ou qualquer autoridade administrativa ou judicial autorizada.<\/p>\n<p>Para lhe dar uma ideia mais clara das informa\u00e7\u00f5es que os cookies identificam, encontrar\u00e1 abaixo uma lista dos diferentes tipos de cookies suscept\u00edveis de serem utilizados no nosso s\u00edtio Web, a sua designa\u00e7\u00e3o, finalidade e per\u00edodo de conserva\u00e7\u00e3o.<\/p>\t\t\t\t\t\t\t\t<\/div>\n\t\t\t\t<\/div>\n\t\t\t\t\t<\/div>\n\t\t\t\t<\/div>\n\t\t<div class=\"elementor-element elementor-element-c417998 e-flex e-con-boxed e-con e-parent\" data-id=\"c417998\" data-element_type=\"container\" data-e-type=\"container\" data-settings=\"{&quot;background_background&quot;:&quot;classic&quot;}\">\n\t\t\t\t\t<div class=\"e-con-inner\">\n\t\t<div class=\"elementor-element elementor-element-c059dc7 e-con-full e-flex e-con e-child\" data-id=\"c059dc7\" data-element_type=\"container\" data-e-type=\"container\">\n\t\t\t\t<div class=\"elementor-element elementor-element-d51cbba elementor-widget elementor-widget-heading\" data-id=\"d51cbba\" data-element_type=\"widget\" data-e-type=\"widget\" data-widget_type=\"heading.default\">\n\t\t\t\t<div class=\"elementor-widget-container\">\n\t\t\t\t\t<h3 class=\"elementor-heading-title elementor-size-default\">II. Definir as suas prefer\u00eancias de cookies<\/h3>\t\t\t\t<\/div>\n\t\t\t\t<\/div>\n\t\t\t\t<div class=\"elementor-element elementor-element-2490606 elementor-widget elementor-widget-text-editor\" data-id=\"2490606\" data-element_type=\"widget\" data-e-type=\"widget\" data-widget_type=\"text-editor.default\">\n\t\t\t\t<div class=\"elementor-widget-container\">\n\t\t\t\t\t\t\t\t\t<p>Pode aceitar ou recusar cookies em qualquer altura.<\/p>\n<p>Quando se liga pela primeira vez ao nosso s\u00edtio Web, aparece na parte inferior do seu ecr\u00e3 uma faixa que apresenta brevemente informa\u00e7\u00f5es sobre o dep\u00f3sito de cookies e tecnologias semelhantes.<\/p>\n<p>Esta faixa avisa-o de que, ao continuar a sua navega\u00e7\u00e3o no s\u00edtio Web (carregando uma nova p\u00e1gina ou clicando em v\u00e1rios elementos do s\u00edtio, por exemplo), aceita o dep\u00f3sito de cookies no seu terminal. Considera-se igualmente que deu o seu consentimento ao dep\u00f3sito de cookies clicando no \u00edcone de fechar simbolizado pelo &#8220;X&#8221; \u00e0 direita da faixa no seu ecr\u00e3.<\/p>\n<p>Consoante o tipo de cookie em quest\u00e3o, pode ser necess\u00e1rio o seu consentimento para o dep\u00f3sito e a leitura dos cookies no seu terminal.<\/p>\t\t\t\t\t\t\t\t<\/div>\n\t\t\t\t<\/div>\n\t\t\t\t<\/div>\n\t\t\t\t\t<\/div>\n\t\t\t\t<\/div>\n\t\t<div class=\"elementor-element elementor-element-35d96b8 e-flex e-con-boxed e-con e-parent\" data-id=\"35d96b8\" data-element_type=\"container\" data-e-type=\"container\">\n\t\t\t\t\t<div class=\"e-con-inner\">\n\t\t\t\t<div class=\"elementor-element elementor-element-d93fa80 elementor-widget elementor-widget-heading\" data-id=\"d93fa80\" data-element_type=\"widget\" data-e-type=\"widget\" data-widget_type=\"heading.default\">\n\t\t\t\t<div class=\"elementor-widget-container\">\n\t\t\t\t\t<h4 class=\"elementor-heading-title elementor-size-default\">a. Cookies isentos de consentimento<\/h4>\t\t\t\t<\/div>\n\t\t\t\t<\/div>\n\t\t\t\t<div class=\"elementor-element elementor-element-8df1c2c elementor-widget elementor-widget-text-editor\" data-id=\"8df1c2c\" data-element_type=\"widget\" data-e-type=\"widget\" data-widget_type=\"text-editor.default\">\n\t\t\t\t<div class=\"elementor-widget-container\">\n\t\t\t\t\t\t\t\t\t<p>Em conformidade com as recomenda\u00e7\u00f5es da Comiss\u00e3o Nacional da Inform\u00e1tica e das Liberdades (CNIL), certos cookies n\u00e3o necessitam do seu consentimento pr\u00e9vio, na medida em que s\u00e3o estritamente necess\u00e1rios para o bom funcionamento do s\u00edtio Web ou t\u00eam como \u00fanico objetivo permitir ou facilitar a comunica\u00e7\u00e3o eletr\u00f3nica.<\/p>\n<p>Estes incluem cookies de identifica\u00e7\u00e3o de sess\u00e3o, cookies de autentica\u00e7\u00e3o, cookies de sess\u00e3o de equil\u00edbrio de carga e cookies de personaliza\u00e7\u00e3o de interface. Estes cookies est\u00e3o totalmente sujeitos \u00e0 presente pol\u00edtica, na medida em que s\u00e3o emitidos e geridos pelo nosso s\u00edtio.<\/p>\n<p>O nosso s\u00edtio Web n\u00e3o utiliza cookies deste tipo.<\/p>\t\t\t\t\t\t\t\t<\/div>\n\t\t\t\t<\/div>\n\t\t\t\t\t<\/div>\n\t\t\t\t<\/div>\n\t\t<div class=\"elementor-element elementor-element-688cf36 e-flex e-con-boxed e-con e-parent\" data-id=\"688cf36\" data-element_type=\"container\" data-e-type=\"container\" data-settings=\"{&quot;background_background&quot;:&quot;classic&quot;}\">\n\t\t\t\t\t<div class=\"e-con-inner\">\n\t\t<div class=\"elementor-element elementor-element-e8e00fc e-con-full e-flex e-con e-child\" data-id=\"e8e00fc\" data-element_type=\"container\" data-e-type=\"container\">\n\t\t\t\t<div class=\"elementor-element elementor-element-b50be66 elementor-widget elementor-widget-heading\" data-id=\"b50be66\" data-element_type=\"widget\" data-e-type=\"widget\" data-widget_type=\"heading.default\">\n\t\t\t\t<div class=\"elementor-widget-container\">\n\t\t\t\t\t<h4 class=\"elementor-heading-title elementor-size-default\">b. Cookies que requerem consentimento pr\u00e9vio<\/h4>\t\t\t\t<\/div>\n\t\t\t\t<\/div>\n\t\t\t\t<div class=\"elementor-element elementor-element-b5690bd elementor-widget elementor-widget-text-editor\" data-id=\"b5690bd\" data-element_type=\"widget\" data-e-type=\"widget\" data-widget_type=\"text-editor.default\">\n\t\t\t\t<div class=\"elementor-widget-container\">\n\t\t\t\t\t\t\t\t\t<p>Esta exig\u00eancia diz respeito aos cookies emitidos por terceiros e qualificados como &#8220;persistentes&#8221;, na medida em que permanecem no seu terminal at\u00e9 serem apagados ou expirarem.<\/p>\n<p>Uma vez que estes cookies s\u00e3o emitidos por terceiros, a sua utiliza\u00e7\u00e3o e armazenamento est\u00e3o sujeitos \u00e0s suas pr\u00f3prias pol\u00edticas de prote\u00e7\u00e3o da vida privada, cuja liga\u00e7\u00e3o \u00e9 fornecida abaixo. Esta fam\u00edlia de cookies inclui cookies de publicidade (que n\u00e3o utilizamos), cookies de partilha de redes sociais e cookies de estat\u00edsticas.<\/p>\n<p>Os cookies de partilha de redes sociais s\u00e3o emitidos e geridos pelo editor da rede social em causa.<\/p>\t\t\t\t\t\t\t\t<\/div>\n\t\t\t\t<\/div>\n\t\t\t\t<\/div>\n\t\t\t\t\t<\/div>\n\t\t\t\t<\/div>\n\t\t<div class=\"elementor-element elementor-element-d21f301 e-flex e-con-boxed e-con e-parent\" data-id=\"d21f301\" data-element_type=\"container\" data-e-type=\"container\">\n\t\t\t\t\t<div class=\"e-con-inner\">\n\t\t\t\t<div class=\"elementor-element elementor-element-3e92905 elementor-widget elementor-widget-heading\" data-id=\"3e92905\" data-element_type=\"widget\" data-e-type=\"widget\" data-widget_type=\"heading.default\">\n\t\t\t\t<div class=\"elementor-widget-container\">\n\t\t\t\t\t<h5 class=\"elementor-heading-title elementor-size-default\">Estat\u00edsticas :<\/h5>\t\t\t\t<\/div>\n\t\t\t\t<\/div>\n\t\t\t\t<div class=\"elementor-element elementor-element-9b6e6ce elementor-widget elementor-widget-text-editor\" data-id=\"9b6e6ce\" data-element_type=\"widget\" data-e-type=\"widget\" data-widget_type=\"text-editor.default\">\n\t\t\t\t<div class=\"elementor-widget-container\">\n\t\t\t\t\t\t\t\t\t<p>Nome do cookie: ga, gat_gtag, _gid<br \/>Per\u00edodo de validade: 13 meses<br \/>Descri\u00e7\u00e3o: Estes s\u00e3o cookies de rastreio do Google Analytics. Permitem-nos identificar as suas visitas anteriores, de modo a n\u00e3o termos de o contar v\u00e1rias vezes. Ao continuar a navegar no s\u00edtio, o utilizador aceita o dep\u00f3sito destes cookies.<\/p>\n\t\t\t\t\t\t\t\t<\/div>\n\t\t\t\t<\/div>\n\t\t\t\t<div class=\"elementor-element elementor-element-497d962 elementor-widget elementor-widget-heading\" data-id=\"497d962\" data-element_type=\"widget\" data-e-type=\"widget\" data-widget_type=\"heading.default\">\n\t\t\t\t<div class=\"elementor-widget-container\">\n\t\t\t\t\t<h5 class=\"elementor-heading-title elementor-size-default\">Redes sociais:<\/h5>\t\t\t\t<\/div>\n\t\t\t\t<\/div>\n\t\t\t\t<div class=\"elementor-element elementor-element-d382b05 elementor-widget elementor-widget-text-editor\" data-id=\"d382b05\" data-element_type=\"widget\" data-e-type=\"widget\" data-widget_type=\"text-editor.default\">\n\t\t\t\t<div class=\"elementor-widget-container\">\n\t\t\t\t\t\t\t\t\t<p>Sob reserva do seu consentimento, estes cookies permitem-lhe partilhar facilmente uma parte dos conte\u00fados publicados no s\u00edtio, nomeadamente atrav\u00e9s de um &#8220;bot\u00e3o&#8221; de aplica\u00e7\u00e3o de partilha em fun\u00e7\u00e3o da rede social em causa:<\/p>\n<ul>\n<li>\u2022 Facebook e Instagram, cuja pol\u00edtica de cookies pode ser consultada clicando na seguinte hiperliga\u00e7\u00e3o: <strong><a href=\"https:\/\/www.facebook.com\/policies\/cookies\">https:\/\/www.facebook.com\/policies\/cookies<\/a><\/strong><\/li>\n<li>\u2022 Twitter, onde encontrar\u00e1 op\u00e7\u00f5es para controlar ou restringir a utiliza\u00e7\u00e3o de cookies, bem como a sua pol\u00edtica de cookies:<br><strong><a href=\"https:\/\/help.twitter.com\/fr\/rules-and-policies\/twitter-cookies\">https:\/\/help.twitter.com\/fr\/rules-and-policies\/twitter-cookies<\/a><\/strong><\/li>\n<li>\u2022 YouTube, cuja pol\u00edtica de cookies completa pode ser consultada na seguinte hiperliga\u00e7\u00e3o: <a href=\"https:\/\/www.google.fr\/intl\/fr\/policies\/technologies\/cookies\"><strong>https:\/\/www.google.fr\/intl\/fr\/policies\/technologies\/cookies<\/strong><\/a><\/li>\n<\/ul>\n<p>Pode revogar o seu consentimento em rela\u00e7\u00e3o aos cookies na seguinte liga\u00e7\u00e3o: <strong>Modificar as minhas escolhas de cookies <\/strong><\/p>\t\t\t\t\t\t\t\t<\/div>\n\t\t\t\t<\/div>\n\t\t\t\t\t<\/div>\n\t\t\t\t<\/div>\n\t\t<div class=\"elementor-element elementor-element-dfa5845 e-flex e-con-boxed e-con e-parent\" data-id=\"dfa5845\" data-element_type=\"container\" data-e-type=\"container\" data-settings=\"{&quot;background_background&quot;:&quot;classic&quot;}\">\n\t\t\t\t\t<div class=\"e-con-inner\">\n\t\t<div class=\"elementor-element elementor-element-0f5b02a e-con-full e-flex e-con e-child\" data-id=\"0f5b02a\" data-element_type=\"container\" data-e-type=\"container\">\n\t\t\t\t<div class=\"elementor-element elementor-element-c4de482 elementor-widget elementor-widget-heading\" data-id=\"c4de482\" data-element_type=\"widget\" data-e-type=\"widget\" data-widget_type=\"heading.default\">\n\t\t\t\t<div class=\"elementor-widget-container\">\n\t\t\t\t\t<h4 class=\"elementor-heading-title elementor-size-default\">c. Ferramentas de configura\u00e7\u00e3o de cookies<\/h4>\t\t\t\t<\/div>\n\t\t\t\t<\/div>\n\t\t\t\t<div class=\"elementor-element elementor-element-040dd99 elementor-widget elementor-widget-text-editor\" data-id=\"040dd99\" data-element_type=\"widget\" data-e-type=\"widget\" data-widget_type=\"text-editor.default\">\n\t\t\t\t<div class=\"elementor-widget-container\">\n\t\t\t\t\t\t\t\t\t<p>A maioria dos programas de navega\u00e7\u00e3o na Internet est\u00e1 configurada por defeito para autorizar o dep\u00f3sito de cookies.<\/p>\n<p>No entanto, o seu navegador d\u00e1-lhe a possibilidade de modificar estas configura\u00e7\u00f5es padr\u00e3o para que todos os cookies sejam sistematicamente rejeitados, ou para que apenas alguns cookies sejam aceites ou rejeitados, dependendo do remetente.<\/p>\n<p><strong>ATEN\u00c7\u00c3O:<\/strong> A recusa de aceita\u00e7\u00e3o de cookies no seu terminal pode, no entanto, alterar a sua experi\u00eancia de utilizador e o seu acesso a determinados servi\u00e7os ou fun\u00e7\u00f5es deste s\u00edtio Web. Se for caso disso, declinamos qualquer responsabilidade pelas consequ\u00eancias de uma eventual degrada\u00e7\u00e3o das suas condi\u00e7\u00f5es de navega\u00e7\u00e3o resultante da sua escolha de recusar, apagar ou bloquear os cookies necess\u00e1rios ao funcionamento do s\u00edtio.<\/p>\n<p>Estas consequ\u00eancias n\u00e3o constituem um dano e o utilizador n\u00e3o pode exigir qualquer indemniza\u00e7\u00e3o por esse motivo. O seu programa de navega\u00e7\u00e3o permite-lhe igualmente apagar os cookies existentes no seu terminal ou inform\u00e1-lo quando \u00e9 prov\u00e1vel que sejam colocados novos cookies no seu terminal. Estas defini\u00e7\u00f5es n\u00e3o t\u00eam qualquer efeito na sua experi\u00eancia de navega\u00e7\u00e3o, mas perder\u00e1 todos os benef\u00edcios do cookie.<\/p>\n<p>Consulte abaixo as diferentes ferramentas \u00e0 sua disposi\u00e7\u00e3o para configurar os cookies colocados no seu terminal de acordo com as suas prefer\u00eancias.<\/p>\t\t\t\t\t\t\t\t<\/div>\n\t\t\t\t<\/div>\n\t\t\t\t<\/div>\n\t\t\t\t\t<\/div>\n\t\t\t\t<\/div>\n\t\t<div class=\"elementor-element elementor-element-073c09a e-flex e-con-boxed e-con e-parent\" data-id=\"073c09a\" data-element_type=\"container\" data-e-type=\"container\">\n\t\t\t\t\t<div class=\"e-con-inner\">\n\t\t\t\t<div class=\"elementor-element elementor-element-238a224 elementor-widget elementor-widget-heading\" data-id=\"238a224\" data-element_type=\"widget\" data-e-type=\"widget\" data-widget_type=\"heading.default\">\n\t\t\t\t<div class=\"elementor-widget-container\">\n\t\t\t\t\t<h4 class=\"elementor-heading-title elementor-size-default\">d. Configurar o seu navegador Internet<\/h4>\t\t\t\t<\/div>\n\t\t\t\t<\/div>\n\t\t\t\t<div class=\"elementor-element elementor-element-1d84127 elementor-widget elementor-widget-text-editor\" data-id=\"1d84127\" data-element_type=\"widget\" data-e-type=\"widget\" data-widget_type=\"text-editor.default\">\n\t\t\t\t<div class=\"elementor-widget-container\">\n\t\t\t\t\t\t\t\t\t<p>Cada navegador Internet tem as suas pr\u00f3prias defini\u00e7\u00f5es de gest\u00e3o dos cookies.<br>Para saber como modificar as suas prefer\u00eancias em mat\u00e9ria de cookies, encontrar\u00e1 abaixo as liga\u00e7\u00f5es para a ajuda necess\u00e1ria para aceder ao menu do seu navegador para este efeito:<\/p>\n<ul>\n<li>Chrome : <strong><a href=\"https:\/\/support.google.com\/chrome\/answer\/95647?hl=fr\">https:\/\/support.google.com\/chrome\/answer\/95647?hl=fr<\/a><\/strong><\/li>\n<li>Firefox : <a href=\"https:\/\/support.mozilla.org\/fr\/kb\/protection-renforcee-contre-pistage-firefox-ordinateur?redirectslug=activer-desactiver-cookies&amp;redirectlocale=fr\"><strong>https:\/\/support.mozilla.org\/fr\/kb\/protection-renforcee-contre-pistage-firefox-ordinateur?redirectslug=activer-desactiver-cookies&amp;redirectlocale=fr<\/strong><\/a><\/li>\n<li>Internet Explorer : <strong><a href=\"https:\/\/support.microsoft.com\/fr-fr\/windows\/supprimer-et-g%C3%A9rer-les-cookies-168dab11-0753-043d-7c16-ede5947fc64d#ie=ie-11\">https:\/\/support.microsoft.com\/fr-fr\/windows\/supprimer-et-g%C3%A9rer-les-cookies-168dab11-0753-043d-7c16-ede5947fc64d#ie=ie-11<\/a><\/strong><\/li>\n<li>Opera : <a href=\"https:\/\/help.opera.com\/en\/latest\/web-preferences\/\"><strong>https:\/\/help.opera.com\/en\/latest\/web-preferences\/<\/strong><\/a><\/li>\n<li>Safari : <a href=\"https:\/\/support.apple.com\/fr-fr\/guide\/deployment\/depf7d5714d4\/web\"><strong>https:\/\/support.apple.com\/fr-fr\/guide\/deployment\/depf7d5714d4\/web<\/strong><\/a><\/li>\n<\/ul>\t\t\t\t\t\t\t\t<\/div>\n\t\t\t\t<\/div>\n\t\t\t\t\t<\/div>\n\t\t\t\t<\/div>\n\t\t<div class=\"elementor-element elementor-element-de6ef92 en-avant e-flex e-con-boxed e-con e-parent\" data-id=\"de6ef92\" data-element_type=\"container\" data-e-type=\"container\">\n\t\t\t\t\t<div class=\"e-con-inner\">\n\t\t<div class=\"elementor-element elementor-element-cb5716b e-flex e-con-boxed e-con e-child\" data-id=\"cb5716b\" data-element_type=\"container\" data-e-type=\"container\" data-settings=\"{&quot;background_background&quot;:&quot;classic&quot;}\">\n\t\t\t\t\t<div class=\"e-con-inner\">\n\t\t\t\t<div class=\"elementor-element elementor-element-ad40b57 elementor-widget elementor-widget-text-editor\" data-id=\"ad40b57\" data-element_type=\"widget\" data-e-type=\"widget\" data-widget_type=\"text-editor.default\">\n\t\t\t\t<div class=\"elementor-widget-container\">\n\t\t\t\t\t\t\t\t\t<p>Para mais informa\u00e7\u00f5es sobre como gerir os cookies do seu navegador, visite o s\u00edtio Web da CNIL:<br \/><a href=\"https:\/\/www.cnil.fr\/fr\/cookies-et-autres-traceurs\/comment-se-proteger\/maitriser-votre-navigateur\"><strong>https:\/\/www.cnil.fr\/fr\/cookies-et-autres-traceurs\/comment-se-proteger\/maitriser-votre-navigateur<\/strong><\/a><\/p>\n\t\t\t\t\t\t\t\t<\/div>\n\t\t\t\t<\/div>\n\t\t\t\t\t<\/div>\n\t\t\t\t<\/div>\n\t\t\t\t\t<\/div>\n\t\t\t\t<\/div>\n\t\t<div class=\"elementor-element elementor-element-89ada00 e-flex e-con-boxed e-con e-parent\" data-id=\"89ada00\" data-element_type=\"container\" data-e-type=\"container\" data-settings=\"{&quot;background_background&quot;:&quot;classic&quot;}\">\n\t\t\t\t\t<div class=\"e-con-inner\">\n\t\t<div class=\"elementor-element elementor-element-a05a33e e-con-full e-flex e-con e-child\" data-id=\"a05a33e\" data-element_type=\"container\" data-e-type=\"container\">\n\t\t\t\t<div class=\"elementor-element elementor-element-bad57f2 elementor-widget elementor-widget-heading\" data-id=\"bad57f2\" data-element_type=\"widget\" data-e-type=\"widget\" data-widget_type=\"heading.default\">\n\t\t\t\t<div class=\"elementor-widget-container\">\n\t\t\t\t\t<h2 class=\"elementor-heading-title elementor-size-default\">Coment\u00e1rios e sugest\u00f5es<\/h2>\t\t\t\t<\/div>\n\t\t\t\t<\/div>\n\t\t\t\t<div class=\"elementor-element elementor-element-8586db3 elementor-widget elementor-widget-text-editor\" data-id=\"8586db3\" data-element_type=\"widget\" data-e-type=\"widget\" data-widget_type=\"text-editor.default\">\n\t\t\t\t<div class=\"elementor-widget-container\">\n\t\t\t\t\t\t\t\t\t<p>Os coment\u00e1rios e sugest\u00f5es podem ser enviados ao gestor do s\u00edtio para o seguinte endere\u00e7o eletr\u00f3nico: <strong>adrillet[at]cc-sud.eu<\/strong> <\/p>\n\t\t\t\t\t\t\t\t<\/div>\n\t\t\t\t<\/div>\n\t\t\t\t<div class=\"elementor-element elementor-element-3ba5280 elementor-widget elementor-widget-heading\" data-id=\"3ba5280\" data-element_type=\"widget\" data-e-type=\"widget\" data-widget_type=\"heading.default\">\n\t\t\t\t<div class=\"elementor-widget-container\">\n\t\t\t\t\t<h2 class=\"elementor-heading-title elementor-size-default\">Data da \u00faltima atualiza\u00e7\u00e3o<\/h2>\t\t\t\t<\/div>\n\t\t\t\t<\/div>\n\t\t\t\t<div class=\"elementor-element elementor-element-16890dd elementor-widget elementor-widget-text-editor\" data-id=\"16890dd\" data-element_type=\"widget\" data-e-type=\"widget\" data-widget_type=\"text-editor.default\">\n\t\t\t\t<div class=\"elementor-widget-container\">\n\t\t\t\t\t\t\t\t\t<p>Os avisos legais foram actualizados pela \u00faltima vez em <strong>024-06-20.<\/strong><\/p>\n\t\t\t\t\t\t\t\t<\/div>\n\t\t\t\t<\/div>\n\t\t\t\t<\/div>\n\t\t\t\t\t<\/div>\n\t\t\t\t<\/div>\n\t\t<div class=\"elementor-element elementor-element-cb98b48 en-avant e-flex e-con-boxed e-con e-parent\" data-id=\"cb98b48\" data-element_type=\"container\" data-e-type=\"container\">\n\t\t\t\t\t<div class=\"e-con-inner\">\n\t\t<div class=\"elementor-element elementor-element-f48717f e-flex e-con-boxed e-con e-child\" data-id=\"f48717f\" data-element_type=\"container\" data-e-type=\"container\" data-settings=\"{&quot;background_background&quot;:&quot;classic&quot;}\">\n\t\t\t\t\t<div class=\"e-con-inner\">\n\t\t\t\t<div class=\"elementor-element elementor-element-574980d elementor-widget elementor-widget-text-editor\" data-id=\"574980d\" data-element_type=\"widget\" data-e-type=\"widget\" data-widget_type=\"text-editor.default\">\n\t\t\t\t<div class=\"elementor-widget-container\">\n\t\t\t\t\t\t\t\t\t<h2><strong>Boa visita<\/strong><\/h2>\n\t\t\t\t\t\t\t\t<\/div>\n\t\t\t\t<\/div>\n\t\t\t\t\t<\/div>\n\t\t\t\t<\/div>\n\t\t\t\t\t<\/div>\n\t\t\t\t<\/div>\n\t\t\t\t<\/div>\n\t\t","protected":false},"excerpt":{"rendered":"<p>Protec\u00e7\u00e3o de dados pessoais Como consideramos essencial a prote\u00e7\u00e3o dos&hellip;<\/p>\n","protected":false},"author":1,"featured_media":0,"parent":0,"menu_order":0,"comment_status":"closed","ping_status":"closed","template":"","meta":{"_acf_changed":false,"footnotes":""},"class_list":["post-20349","page","type-page","status-publish","hentry"],"acf":[],"yoast_head":"<!-- This site is optimized with the Yoast SEO plugin v27.3 - https:\/\/yoast.com\/product\/yoast-seo-wordpress\/ -->\n<title>Pol\u00edtica de privacidade - CC Sud<\/title>\n<meta name=\"robots\" content=\"noindex, follow\" \/>\n<meta property=\"og:locale\" content=\"pt_PT\" \/>\n<meta property=\"og:type\" content=\"article\" \/>\n<meta property=\"og:title\" content=\"Pol\u00edtica de privacidade - CC Sud\" \/>\n<meta property=\"og:description\" content=\"Protec\u00e7\u00e3o de dados pessoais Como consideramos essencial a prote\u00e7\u00e3o dos&hellip;\" \/>\n<meta property=\"og:url\" content=\"https:\/\/cc-sud.eu\/pt\/politica-de-privacidade\/\" \/>\n<meta property=\"og:site_name\" content=\"CC Sud\" \/>\n<meta property=\"article:modified_time\" content=\"2024-06-27T07:44:17+00:00\" \/>\n<meta name=\"twitter:card\" content=\"summary_large_image\" \/>\n<meta name=\"twitter:label1\" content=\"Tempo estimado de leitura\" \/>\n\t<meta name=\"twitter:data1\" content=\"14 minutos\" \/>\n<script type=\"application\/ld+json\" class=\"yoast-schema-graph\">{\"@context\":\"https:\\\/\\\/schema.org\",\"@graph\":[{\"@type\":\"WebPage\",\"@id\":\"https:\\\/\\\/cc-sud.eu\\\/pt\\\/politica-de-privacidade\\\/\",\"url\":\"https:\\\/\\\/cc-sud.eu\\\/pt\\\/politica-de-privacidade\\\/\",\"name\":\"Pol\u00edtica de privacidade - CC Sud\",\"isPartOf\":{\"@id\":\"https:\\\/\\\/cc-sud.eu\\\/pt\\\/#website\"},\"datePublished\":\"2024-02-01T14:13:25+00:00\",\"dateModified\":\"2024-06-27T07:44:17+00:00\",\"breadcrumb\":{\"@id\":\"https:\\\/\\\/cc-sud.eu\\\/pt\\\/politica-de-privacidade\\\/#breadcrumb\"},\"inLanguage\":\"pt-PT\",\"potentialAction\":[{\"@type\":\"ReadAction\",\"target\":[\"https:\\\/\\\/cc-sud.eu\\\/pt\\\/politica-de-privacidade\\\/\"]}]},{\"@type\":\"BreadcrumbList\",\"@id\":\"https:\\\/\\\/cc-sud.eu\\\/pt\\\/politica-de-privacidade\\\/#breadcrumb\",\"itemListElement\":[{\"@type\":\"ListItem\",\"position\":1,\"name\":\"CC Sud\",\"item\":\"https:\\\/\\\/cc-sud.eu\\\/pt\\\/\"},{\"@type\":\"ListItem\",\"position\":2,\"name\":\"Pol\u00edtica de privacidade\"}]},{\"@type\":\"WebSite\",\"@id\":\"https:\\\/\\\/cc-sud.eu\\\/pt\\\/#website\",\"url\":\"https:\\\/\\\/cc-sud.eu\\\/pt\\\/\",\"name\":\"CC Sud\",\"description\":\"\",\"publisher\":{\"@id\":\"https:\\\/\\\/cc-sud.eu\\\/pt\\\/#organization\"},\"potentialAction\":[{\"@type\":\"SearchAction\",\"target\":{\"@type\":\"EntryPoint\",\"urlTemplate\":\"https:\\\/\\\/cc-sud.eu\\\/pt\\\/?s={search_term_string}\"},\"query-input\":{\"@type\":\"PropertyValueSpecification\",\"valueRequired\":true,\"valueName\":\"search_term_string\"}}],\"inLanguage\":\"pt-PT\"},{\"@type\":\"Organization\",\"@id\":\"https:\\\/\\\/cc-sud.eu\\\/pt\\\/#organization\",\"name\":\"CC Sud\",\"url\":\"https:\\\/\\\/cc-sud.eu\\\/pt\\\/\",\"logo\":{\"@type\":\"ImageObject\",\"inLanguage\":\"pt-PT\",\"@id\":\"https:\\\/\\\/cc-sud.eu\\\/pt\\\/#\\\/schema\\\/logo\\\/image\\\/\",\"url\":\"https:\\\/\\\/cc-sud.eu\\\/wp-content\\\/uploads\\\/2024\\\/02\\\/logo.svg\",\"contentUrl\":\"https:\\\/\\\/cc-sud.eu\\\/wp-content\\\/uploads\\\/2024\\\/02\\\/logo.svg\",\"width\":198,\"height\":60,\"caption\":\"CC Sud\"},\"image\":{\"@id\":\"https:\\\/\\\/cc-sud.eu\\\/pt\\\/#\\\/schema\\\/logo\\\/image\\\/\"}}]}<\/script>\n<!-- \/ Yoast SEO plugin. -->","yoast_head_json":{"title":"Pol\u00edtica de privacidade - CC Sud","robots":{"index":"noindex","follow":"follow"},"og_locale":"pt_PT","og_type":"article","og_title":"Pol\u00edtica de privacidade - CC Sud","og_description":"Protec\u00e7\u00e3o de dados pessoais Como consideramos essencial a prote\u00e7\u00e3o dos&hellip;","og_url":"https:\/\/cc-sud.eu\/pt\/politica-de-privacidade\/","og_site_name":"CC Sud","article_modified_time":"2024-06-27T07:44:17+00:00","twitter_card":"summary_large_image","twitter_misc":{"Tempo estimado de leitura":"14 minutos"},"schema":{"@context":"https:\/\/schema.org","@graph":[{"@type":"WebPage","@id":"https:\/\/cc-sud.eu\/pt\/politica-de-privacidade\/","url":"https:\/\/cc-sud.eu\/pt\/politica-de-privacidade\/","name":"Pol\u00edtica de privacidade - CC Sud","isPartOf":{"@id":"https:\/\/cc-sud.eu\/pt\/#website"},"datePublished":"2024-02-01T14:13:25+00:00","dateModified":"2024-06-27T07:44:17+00:00","breadcrumb":{"@id":"https:\/\/cc-sud.eu\/pt\/politica-de-privacidade\/#breadcrumb"},"inLanguage":"pt-PT","potentialAction":[{"@type":"ReadAction","target":["https:\/\/cc-sud.eu\/pt\/politica-de-privacidade\/"]}]},{"@type":"BreadcrumbList","@id":"https:\/\/cc-sud.eu\/pt\/politica-de-privacidade\/#breadcrumb","itemListElement":[{"@type":"ListItem","position":1,"name":"CC Sud","item":"https:\/\/cc-sud.eu\/pt\/"},{"@type":"ListItem","position":2,"name":"Pol\u00edtica de privacidade"}]},{"@type":"WebSite","@id":"https:\/\/cc-sud.eu\/pt\/#website","url":"https:\/\/cc-sud.eu\/pt\/","name":"CC Sud","description":"","publisher":{"@id":"https:\/\/cc-sud.eu\/pt\/#organization"},"potentialAction":[{"@type":"SearchAction","target":{"@type":"EntryPoint","urlTemplate":"https:\/\/cc-sud.eu\/pt\/?s={search_term_string}"},"query-input":{"@type":"PropertyValueSpecification","valueRequired":true,"valueName":"search_term_string"}}],"inLanguage":"pt-PT"},{"@type":"Organization","@id":"https:\/\/cc-sud.eu\/pt\/#organization","name":"CC Sud","url":"https:\/\/cc-sud.eu\/pt\/","logo":{"@type":"ImageObject","inLanguage":"pt-PT","@id":"https:\/\/cc-sud.eu\/pt\/#\/schema\/logo\/image\/","url":"https:\/\/cc-sud.eu\/wp-content\/uploads\/2024\/02\/logo.svg","contentUrl":"https:\/\/cc-sud.eu\/wp-content\/uploads\/2024\/02\/logo.svg","width":198,"height":60,"caption":"CC Sud"},"image":{"@id":"https:\/\/cc-sud.eu\/pt\/#\/schema\/logo\/image\/"}}]}},"_links":{"self":[{"href":"https:\/\/cc-sud.eu\/pt\/wp-json\/wp\/v2\/pages\/20349","targetHints":{"allow":["GET"]}}],"collection":[{"href":"https:\/\/cc-sud.eu\/pt\/wp-json\/wp\/v2\/pages"}],"about":[{"href":"https:\/\/cc-sud.eu\/pt\/wp-json\/wp\/v2\/types\/page"}],"author":[{"embeddable":true,"href":"https:\/\/cc-sud.eu\/pt\/wp-json\/wp\/v2\/users\/1"}],"replies":[{"embeddable":true,"href":"https:\/\/cc-sud.eu\/pt\/wp-json\/wp\/v2\/comments?post=20349"}],"version-history":[{"count":1,"href":"https:\/\/cc-sud.eu\/pt\/wp-json\/wp\/v2\/pages\/20349\/revisions"}],"predecessor-version":[{"id":20350,"href":"https:\/\/cc-sud.eu\/pt\/wp-json\/wp\/v2\/pages\/20349\/revisions\/20350"}],"wp:attachment":[{"href":"https:\/\/cc-sud.eu\/pt\/wp-json\/wp\/v2\/media?parent=20349"}],"curies":[{"name":"wp","href":"https:\/\/api.w.org\/{rel}","templated":true}]}}